{"version":"1.0","provider_name":"Grupo M\u00e9xico Publica","provider_url":"https:\/\/mexicopublica.mx\/en","author_name":"Gabriela Medina","author_url":"https:\/\/mexicopublica.mx\/en\/author\/gabriela01\/","title":"GDL Publica Diario Audiovisual 25 Abril 2026 - Grupo M\u00e9xico Publica","type":"rich","width":600,"height":338,"html":"<blockquote class=\"wp-embedded-content\" data-secret=\"n9Ave8MUTa\"><a href=\"https:\/\/mexicopublica.mx\/en\/gdl-publica-diario-audiovisual-25-abril-2026\/\">GDL Publica Diario Audiovisual 25 Abril 2026<\/a><\/blockquote><iframe sandbox=\"allow-scripts\" security=\"restricted\" src=\"https:\/\/mexicopublica.mx\/en\/gdl-publica-diario-audiovisual-25-abril-2026\/embed\/#?secret=n9Ave8MUTa\" width=\"600\" height=\"338\" title=\"&#8220;GDL Publica Diario Audiovisual 25 Abril 2026&#8221; &#8212; Grupo M\u00e9xico Publica\" data-secret=\"n9Ave8MUTa\" frameborder=\"0\" marginwidth=\"0\" marginheight=\"0\" scrolling=\"no\" class=\"wp-embedded-content\"><\/iframe><script>\n\/*! This file is auto-generated *\/\n!function(d,l){\"use strict\";l.querySelector&&d.addEventListener&&\"undefined\"!=typeof URL&&(d.wp=d.wp||{},d.wp.receiveEmbedMessage||(d.wp.receiveEmbedMessage=function(e){var t=e.data;if((t||t.secret||t.message||t.value)&&!\/[^a-zA-Z0-9]\/.test(t.secret)){for(var s,r,n,a=l.querySelectorAll('iframe[data-secret=\"'+t.secret+'\"]'),o=l.querySelectorAll('blockquote[data-secret=\"'+t.secret+'\"]'),c=new RegExp(\"^https?:$\",\"i\"),i=0;i<o.length;i++)o[i].style.display=\"none\";for(i=0;i<a.length;i++)s=a[i],e.source===s.contentWindow&&(s.removeAttribute(\"style\"),\"height\"===t.message?(1e3<(r=parseInt(t.value,10))?r=1e3:~~r<200&&(r=200),s.height=r):\"link\"===t.message&&(r=new URL(s.getAttribute(\"src\")),n=new URL(t.value),c.test(n.protocol))&&n.host===r.host&&l.activeElement===s&&(d.top.location.href=t.value))}},d.addEventListener(\"message\",d.wp.receiveEmbedMessage,!1),l.addEventListener(\"DOMContentLoaded\",function(){for(var e,t,s=l.querySelectorAll(\"iframe.wp-embedded-content\"),r=0;r<s.length;r++)(t=(e=s[r]).getAttribute(\"data-secret\"))||(t=Math.random().toString(36).substring(2,12),e.src+=\"#?secret=\"+t,e.setAttribute(\"data-secret\",t)),e.contentWindow.postMessage({message:\"ready\",secret:t},\"*\")},!1)))}(window,document);\n\/\/# sourceURL=https:\/\/mexicopublica.mx\/wp-includes\/js\/wp-embed.min.js\n<\/script>","thumbnail_url":"https:\/\/mexicopublica.mx\/wp-content\/uploads\/2026\/04\/b7302953-df58-4275-8494-a412a7bca3f1.jpeg","thumbnail_width":512,"thumbnail_height":512,"description":"@gmpdiario Antonio P\u00e9rez Garibay: Expo Agr\u00edcola posiciona a Jalisco como referente agroalimentario &#x1f4f2; S\u00edguenos en todas nuestras redes: * Facebook: @mexicopublica * X (Twitter): @GMPDIARIO * Instagram: @mexicopublica.mx * TikTok: @gmpdiario * Sitio web: mexicopublica.mx &#x1f514; Suscr\u00edbete, comenta y comparte para que m\u00e1s personas est\u00e9n al d\u00eda con la informaci\u00f3n m\u00e1s confiable. #M\u00e9xicoP\u00fablica #NoticiasM\u00e9xico #\u00daltimaHora [&hellip;]"}