{"id":3197,"date":"2022-10-16T13:37:21","date_gmt":"2022-10-16T13:37:21","guid":{"rendered":"https:\/\/demo.rivaxstudio.com\/fonix\/main\/?page_id=3197"},"modified":"2026-08-31T04:01:15","modified_gmt":"2026-08-31T04:01:15","slug":"inicio","status":"publish","type":"page","link":"https:\/\/mexicopublica.mx\/en\/","title":{"rendered":"M\u00e9xico Publica"},"content":{"rendered":"<div data-elementor-type=\"wp-page\" data-elementor-id=\"3197\" class=\"elementor elementor-3197\">\n\t\t\t\t\t\t<section class=\"elementor-section elementor-top-section elementor-element elementor-element-afdcd2f elementor-section-boxed elementor-section-height-default elementor-section-height-default\" data-id=\"afdcd2f\" data-element_type=\"section\" data-e-type=\"section\">\n\t\t\t\t\t\t<div class=\"elementor-container elementor-column-gap-default\">\n\t\t\t\t\t<div class=\"elementor-column elementor-col-100 elementor-top-column elementor-element elementor-element-1389a53\" data-id=\"1389a53\" data-element_type=\"column\" data-e-type=\"column\">\n\t\t\t<div class=\"elementor-widget-wrap elementor-element-populated\">\n\t\t\t\t\t\t<div class=\"elementor-element elementor-element-bca3ef9 elementor-widget rivax-news-ticker-widget\" data-id=\"bca3ef9\" data-element_type=\"widget\" data-e-type=\"widget\" data-widget_type=\"rivax-news-ticker.default\">\n\t\t\t\t<div class=\"elementor-widget-container\">\n\t\t\t\t\t<div class=\"rivax-news-ticker-wrapper\">\r\n            <div class=\"rivax-news-ticker-title-wrapper\">\r\n\r\n                            <span class=\"rivax-news-ticker-title-icon-wrapper\">\r\n\r\n                                            <span class=\"rivax-news-ticker-title-pulse\"><\/span>\r\n                                    <\/span>\r\n            \r\n                            <span class=\"rivax-news-ticker-title-text\">\r\n                    Reciente                <\/span>\r\n            \r\n        <\/div>\r\n    \r\n        <div id=\"rivax-news-ticker-bca3ef9\" class=\"rivax-news-ticker-content-wrapper animation-type\" data-settings=\"{&quot;autoplay&quot;:{&quot;delay&quot;:5000},&quot;loop&quot;:true,&quot;spaceBetween&quot;:20,&quot;speed&quot;:100,&quot;effect&quot;:&quot;fade&quot;,&quot;direction&quot;:&quot;horizontal&quot;,&quot;navigation&quot;:{&quot;nextEl&quot;:&quot;#rivax-news-ticker-bca3ef9 .carousel-nav-next&quot;,&quot;prevEl&quot;:&quot;#rivax-news-ticker-bca3ef9 .carousel-nav-prev&quot;},&quot;a11y&quot;:{&quot;enabled&quot;:&quot;false&quot;},&quot;fadeEffect&quot;:{&quot;crossFade&quot;:true}}\">\r\n        <div class=\"rivax-news-ticker-content swiper-container\">\r\n            <div class=\"rivax-news-ticker-items swiper-wrapper\">\r\n                                            <div class=\"rivax-news-ticker-item swiper-slide\">\r\n                                \r\n                                \r\n                                \r\n                                <div class=\"item-title\"><a target=\"_blank\" href=\"https:\/\/mexicopublica.mx\/en\/zapopan-13-de-agosto-2\/\">Zapopan 13 De Agosto<\/a><\/div>\r\n                            <\/div>\r\n                                                        <div class=\"rivax-news-ticker-item swiper-slide\">\r\n                                \r\n                                \r\n                                \r\n                                <div class=\"item-title\"><a target=\"_blank\" href=\"https:\/\/mexicopublica.mx\/en\/zapopan-13-de-agosto\/\">Zapopan 13 De Agosto<\/a><\/div>\r\n                            <\/div>\r\n                                                        <div class=\"rivax-news-ticker-item swiper-slide\">\r\n                                \r\n                                \r\n                                \r\n                                <div class=\"item-title\"><a target=\"_blank\" href=\"https:\/\/mexicopublica.mx\/en\/jalisco-13-de-agosto-2\/\">Jalisco 13 De Agosto<\/a><\/div>\r\n                            <\/div>\r\n                                        <\/div>\r\n                    <\/div>\r\n                    <div class=\"rivax-news-ticker-arrows\">\r\n                <a href=\"\" class=\"carousel-nav-prev\">\r\n                    <i class=\"ri-angle-right-solid\"><\/i>\r\n                <\/a>\r\n                <a href=\"\" class=\"carousel-nav-next\">\r\n                    <i class=\"ri-angle-right-solid\"><\/i>\r\n                <\/a>\r\n            <\/div>\r\n            <\/div>\r\n<\/div>\r\n\t\t\t\t<\/div>\n\t\t\t\t<\/div>\n\t\t\t\t\t<\/div>\n\t\t<\/div>\n\t\t\t\t\t<\/div>\n\t\t<\/section>\n\t\t\t\t<section class=\"elementor-section elementor-top-section elementor-element elementor-element-a96c41f elementor-section-boxed elementor-section-height-default elementor-section-height-default\" data-id=\"a96c41f\" data-element_type=\"section\" data-e-type=\"section\">\n\t\t\t\t\t\t<div class=\"elementor-container elementor-column-gap-default\">\n\t\t\t\t\t<div class=\"elementor-column elementor-col-100 elementor-top-column elementor-element elementor-element-0b278ec\" data-id=\"0b278ec\" data-element_type=\"column\" data-e-type=\"column\">\n\t\t\t<div class=\"elementor-widget-wrap elementor-element-populated\">\n\t\t\t\t\t\t<div class=\"elementor-element elementor-element-31823ea elementor-widget rivax-post-kenzo-widget\" data-id=\"31823ea\" data-element_type=\"widget\" data-e-type=\"widget\" data-widget_type=\"rivax-post-kenzo.default\">\n\t\t\t\t<div class=\"elementor-widget-container\">\n\t\t\t\t\t<div class=\"rivax-posts-container\">\r\n    <div class=\"rivax-posts-wrapper layout-grid\">\r\n                <div class=\"post-item\">\r\n    <article class=\"post-wrapper post-68730 post type-post status-publish format-standard has-post-thumbnail hentry category-uncategorized\">\r\n        <a class=\"item-link rivax-position-cover\" href=\"https:\/\/mexicopublica.mx\/en\/zapopan-13-de-agosto-2\/\"><\/a>        <div class=\"image-wrapper\">\r\n            <img loading=\"lazy\" decoding=\"async\" width=\"288\" height=\"512\" src=\"https:\/\/mexicopublica.mx\/wp-content\/uploads\/2026\/08\/IMG-20260812-WA0096.jpg\" class=\"attachment-full size-full wp-post-image\" alt=\"\" title=\"Zapopan 13 De Agosto\" srcset=\"https:\/\/mexicopublica.mx\/wp-content\/uploads\/2026\/08\/IMG-20260812-WA0096.jpg 288w, https:\/\/mexicopublica.mx\/wp-content\/uploads\/2026\/08\/IMG-20260812-WA0096-169x300.jpg 169w, https:\/\/mexicopublica.mx\/wp-content\/uploads\/2026\/08\/IMG-20260812-WA0096-7x12.jpg 7w\" sizes=\"auto, (max-width: 288px) 100vw, 288px\" \/>        <\/div>\r\n\t            <div class=\"content-wrapper rivax-position-bottom style-1\">\r\n            <div class=\"content-wrapper-inner\">\r\n\t                                    <h2 class=\"title\">\r\n                <a href=\"https:\/\/mexicopublica.mx\/en\/zapopan-13-de-agosto-2\/\" class=\"title-animation-default\" title=\"Zapopan 13 De Agosto\">\r\n            Zapopan 13 De Agosto        <\/a>\r\n        <\/h2>\r\n        \t                            <div class=\"meta-wrapper\">\r\n\t                                                                                                                <\/div>\r\n                            <\/div>\r\n        <\/div>\r\n            <\/article>\r\n<\/div><div class=\"post-item\">\r\n    <article class=\"post-wrapper post-68728 post type-post status-publish format-standard has-post-thumbnail hentry category-uncategorized\">\r\n        <a class=\"item-link rivax-position-cover\" href=\"https:\/\/mexicopublica.mx\/en\/zapopan-13-de-agosto\/\"><\/a>        <div class=\"image-wrapper\">\r\n            <img loading=\"lazy\" decoding=\"async\" width=\"288\" height=\"512\" src=\"https:\/\/mexicopublica.mx\/wp-content\/uploads\/2026\/08\/IMG-20260812-WA0097.jpg\" class=\"attachment-full size-full wp-post-image\" alt=\"\" title=\"Zapopan 13 De Agosto\" srcset=\"https:\/\/mexicopublica.mx\/wp-content\/uploads\/2026\/08\/IMG-20260812-WA0097.jpg 288w, https:\/\/mexicopublica.mx\/wp-content\/uploads\/2026\/08\/IMG-20260812-WA0097-169x300.jpg 169w, https:\/\/mexicopublica.mx\/wp-content\/uploads\/2026\/08\/IMG-20260812-WA0097-7x12.jpg 7w\" sizes=\"auto, (max-width: 288px) 100vw, 288px\" \/>        <\/div>\r\n\t            <div class=\"content-wrapper rivax-position-bottom style-1\">\r\n            <div class=\"content-wrapper-inner\">\r\n\t                                    <h2 class=\"title\">\r\n                <a href=\"https:\/\/mexicopublica.mx\/en\/zapopan-13-de-agosto\/\" class=\"title-animation-default\" title=\"Zapopan 13 De Agosto\">\r\n            Zapopan 13 De Agosto        <\/a>\r\n        <\/h2>\r\n        \t                            <div class=\"meta-wrapper\">\r\n\t                                                                                                                <\/div>\r\n                            <\/div>\r\n        <\/div>\r\n            <\/article>\r\n<\/div><div class=\"post-item\">\r\n    <article class=\"post-wrapper post-68726 post type-post status-publish format-standard has-post-thumbnail hentry category-uncategorized\">\r\n        <a class=\"item-link rivax-position-cover\" href=\"https:\/\/mexicopublica.mx\/en\/jalisco-13-de-agosto-2\/\"><\/a>        <div class=\"image-wrapper\">\r\n            <img loading=\"lazy\" decoding=\"async\" width=\"288\" height=\"512\" src=\"https:\/\/mexicopublica.mx\/wp-content\/uploads\/2026\/08\/IMG-20260811-WA0103.jpg\" class=\"attachment-full size-full wp-post-image\" alt=\"\" title=\"Jalisco 13 De Agosto\" srcset=\"https:\/\/mexicopublica.mx\/wp-content\/uploads\/2026\/08\/IMG-20260811-WA0103.jpg 288w, https:\/\/mexicopublica.mx\/wp-content\/uploads\/2026\/08\/IMG-20260811-WA0103-169x300.jpg 169w, https:\/\/mexicopublica.mx\/wp-content\/uploads\/2026\/08\/IMG-20260811-WA0103-7x12.jpg 7w\" sizes=\"auto, (max-width: 288px) 100vw, 288px\" \/>        <\/div>\r\n\t            <div class=\"content-wrapper rivax-position-bottom style-1\">\r\n            <div class=\"content-wrapper-inner\">\r\n\t                                    <h2 class=\"title\">\r\n                <a href=\"https:\/\/mexicopublica.mx\/en\/jalisco-13-de-agosto-2\/\" class=\"title-animation-default\" title=\"Jalisco 13 De Agosto\">\r\n            Jalisco 13 De Agosto        <\/a>\r\n        <\/h2>\r\n        \t                            <div class=\"meta-wrapper\">\r\n\t                                                                                                                <\/div>\r\n                            <\/div>\r\n        <\/div>\r\n            <\/article>\r\n<\/div><div class=\"post-item\">\r\n    <article class=\"post-wrapper post-68724 post type-post status-publish format-standard has-post-thumbnail hentry category-uncategorized\">\r\n        <a class=\"item-link rivax-position-cover\" href=\"https:\/\/mexicopublica.mx\/en\/jalisco-13-de-agosto\/\"><\/a>        <div class=\"image-wrapper\">\r\n            <img loading=\"lazy\" decoding=\"async\" width=\"288\" height=\"512\" src=\"https:\/\/mexicopublica.mx\/wp-content\/uploads\/2026\/08\/IMG-20260812-WA0104.jpg\" class=\"attachment-full size-full wp-post-image\" alt=\"\" title=\"Jalisco 13 De Agosto\" srcset=\"https:\/\/mexicopublica.mx\/wp-content\/uploads\/2026\/08\/IMG-20260812-WA0104.jpg 288w, https:\/\/mexicopublica.mx\/wp-content\/uploads\/2026\/08\/IMG-20260812-WA0104-169x300.jpg 169w, https:\/\/mexicopublica.mx\/wp-content\/uploads\/2026\/08\/IMG-20260812-WA0104-7x12.jpg 7w\" sizes=\"auto, (max-width: 288px) 100vw, 288px\" \/>        <\/div>\r\n\t            <div class=\"content-wrapper rivax-position-bottom style-1\">\r\n            <div class=\"content-wrapper-inner\">\r\n\t                                    <h2 class=\"title\">\r\n                <a href=\"https:\/\/mexicopublica.mx\/en\/jalisco-13-de-agosto\/\" class=\"title-animation-default\" title=\"Jalisco 13 De Agosto\">\r\n            Jalisco 13 De Agosto        <\/a>\r\n        <\/h2>\r\n        \t                            <div class=\"meta-wrapper\">\r\n\t                                                                                                                <\/div>\r\n                            <\/div>\r\n        <\/div>\r\n            <\/article>\r\n<\/div><div class=\"post-item\">\r\n    <article class=\"post-wrapper post-68346 post type-post status-publish format-standard has-post-thumbnail hentry category-uncategorized\">\r\n        <a class=\"item-link rivax-position-cover\" href=\"https:\/\/mexicopublica.mx\/en\/tono-perez-encuesta\/\"><\/a>        <div class=\"image-wrapper\">\r\n            <img loading=\"lazy\" decoding=\"async\" width=\"1200\" height=\"802\" src=\"https:\/\/mexicopublica.mx\/wp-content\/uploads\/2026\/08\/tono-1.webp\" class=\"attachment-full size-full wp-post-image\" alt=\"\" title=\"To\u00f1o P\u00e9rez Encuesta\" srcset=\"https:\/\/mexicopublica.mx\/wp-content\/uploads\/2026\/08\/tono-1.webp 1200w, https:\/\/mexicopublica.mx\/wp-content\/uploads\/2026\/08\/tono-1-300x201.webp 300w, https:\/\/mexicopublica.mx\/wp-content\/uploads\/2026\/08\/tono-1-1024x684.webp 1024w, https:\/\/mexicopublica.mx\/wp-content\/uploads\/2026\/08\/tono-1-768x513.webp 768w, https:\/\/mexicopublica.mx\/wp-content\/uploads\/2026\/08\/tono-1-18x12.webp 18w, https:\/\/mexicopublica.mx\/wp-content\/uploads\/2026\/08\/tono-1-450x301.webp 450w, https:\/\/mexicopublica.mx\/wp-content\/uploads\/2026\/08\/tono-1-700x468.webp 700w\" sizes=\"auto, (max-width: 1200px) 100vw, 1200px\" \/>        <\/div>\r\n\t            <div class=\"content-wrapper rivax-position-bottom style-1\">\r\n            <div class=\"content-wrapper-inner\">\r\n\t                                    <h2 class=\"title\">\r\n                <a href=\"https:\/\/mexicopublica.mx\/en\/tono-perez-encuesta\/\" class=\"title-animation-default\" title=\"To\u00f1o P\u00e9rez Encuesta\">\r\n            To\u00f1o P\u00e9rez Encuesta        <\/a>\r\n        <\/h2>\r\n        \t                            <div class=\"meta-wrapper\">\r\n\t                                                                                                                <\/div>\r\n                            <\/div>\r\n        <\/div>\r\n            <\/article>\r\n<\/div><div class=\"post-item\">\r\n    <article class=\"post-wrapper post-68307 post type-post status-publish format-standard has-post-thumbnail hentry category-uncategorized\">\r\n        <a class=\"item-link rivax-position-cover\" href=\"https:\/\/mexicopublica.mx\/en\/mery-pozos-encuesta\/\"><\/a>        <div class=\"image-wrapper\">\r\n            <img loading=\"lazy\" decoding=\"async\" width=\"1200\" height=\"802\" src=\"https:\/\/mexicopublica.mx\/wp-content\/uploads\/2026\/08\/mery.webp\" class=\"attachment-full size-full wp-post-image\" alt=\"\" title=\"Mery Pozos Encuesta\" srcset=\"https:\/\/mexicopublica.mx\/wp-content\/uploads\/2026\/08\/mery.webp 1200w, https:\/\/mexicopublica.mx\/wp-content\/uploads\/2026\/08\/mery-300x201.webp 300w, https:\/\/mexicopublica.mx\/wp-content\/uploads\/2026\/08\/mery-1024x684.webp 1024w, https:\/\/mexicopublica.mx\/wp-content\/uploads\/2026\/08\/mery-768x513.webp 768w, https:\/\/mexicopublica.mx\/wp-content\/uploads\/2026\/08\/mery-18x12.webp 18w, https:\/\/mexicopublica.mx\/wp-content\/uploads\/2026\/08\/mery-450x301.webp 450w, https:\/\/mexicopublica.mx\/wp-content\/uploads\/2026\/08\/mery-700x468.webp 700w\" sizes=\"auto, (max-width: 1200px) 100vw, 1200px\" \/>        <\/div>\r\n\t            <div class=\"content-wrapper rivax-position-bottom style-1\">\r\n            <div class=\"content-wrapper-inner\">\r\n\t                                    <h2 class=\"title\">\r\n                <a href=\"https:\/\/mexicopublica.mx\/en\/mery-pozos-encuesta\/\" class=\"title-animation-default\" title=\"Mery Pozos Encuesta\">\r\n            Mery Pozos Encuesta        <\/a>\r\n        <\/h2>\r\n        \t                            <div class=\"meta-wrapper\">\r\n\t                                                                                                                <\/div>\r\n                            <\/div>\r\n        <\/div>\r\n            <\/article>\r\n<\/div><div class=\"post-item\">\r\n    <article class=\"post-wrapper post-68298 post type-post status-publish format-standard has-post-thumbnail hentry category-uncategorized\">\r\n        <a class=\"item-link rivax-position-cover\" href=\"https:\/\/mexicopublica.mx\/en\/carlos-lomeli-encuesta\/\"><\/a>        <div class=\"image-wrapper\">\r\n            <img loading=\"lazy\" decoding=\"async\" width=\"1200\" height=\"802\" src=\"https:\/\/mexicopublica.mx\/wp-content\/uploads\/2026\/08\/carlos.webp\" class=\"attachment-full size-full wp-post-image\" alt=\"\" title=\"Carlos Lomel\u00ed encuesta\" srcset=\"https:\/\/mexicopublica.mx\/wp-content\/uploads\/2026\/08\/carlos.webp 1200w, https:\/\/mexicopublica.mx\/wp-content\/uploads\/2026\/08\/carlos-300x201.webp 300w, https:\/\/mexicopublica.mx\/wp-content\/uploads\/2026\/08\/carlos-1024x684.webp 1024w, https:\/\/mexicopublica.mx\/wp-content\/uploads\/2026\/08\/carlos-768x513.webp 768w, https:\/\/mexicopublica.mx\/wp-content\/uploads\/2026\/08\/carlos-18x12.webp 18w, https:\/\/mexicopublica.mx\/wp-content\/uploads\/2026\/08\/carlos-450x301.webp 450w, https:\/\/mexicopublica.mx\/wp-content\/uploads\/2026\/08\/carlos-700x468.webp 700w\" sizes=\"auto, (max-width: 1200px) 100vw, 1200px\" \/>        <\/div>\r\n\t            <div class=\"content-wrapper rivax-position-bottom style-1\">\r\n            <div class=\"content-wrapper-inner\">\r\n\t                                    <h2 class=\"title\">\r\n                <a href=\"https:\/\/mexicopublica.mx\/en\/carlos-lomeli-encuesta\/\" class=\"title-animation-default\" title=\"Carlos Lomel\u00ed encuesta\">\r\n            Carlos Lomel\u00ed encuesta        <\/a>\r\n        <\/h2>\r\n        \t                            <div class=\"meta-wrapper\">\r\n\t                                                                                                                <\/div>\r\n                            <\/div>\r\n        <\/div>\r\n            <\/article>\r\n<\/div><div class=\"post-item\">\r\n    <article class=\"post-wrapper post-68154 post type-post status-publish format-standard has-post-thumbnail hentry category-uncategorized\">\r\n        <a class=\"item-link rivax-position-cover\" href=\"https:\/\/mexicopublica.mx\/en\/zapopan-5-de-agosto-2\/\"><\/a>        <div class=\"image-wrapper\">\r\n            <img loading=\"lazy\" decoding=\"async\" width=\"288\" height=\"512\" src=\"https:\/\/mexicopublica.mx\/wp-content\/uploads\/2026\/08\/IMG-20260804-WA0103.jpg\" class=\"attachment-full size-full wp-post-image\" alt=\"\" title=\"Zapopan 5 De Agosto\" srcset=\"https:\/\/mexicopublica.mx\/wp-content\/uploads\/2026\/08\/IMG-20260804-WA0103.jpg 288w, https:\/\/mexicopublica.mx\/wp-content\/uploads\/2026\/08\/IMG-20260804-WA0103-169x300.jpg 169w, https:\/\/mexicopublica.mx\/wp-content\/uploads\/2026\/08\/IMG-20260804-WA0103-7x12.jpg 7w\" sizes=\"auto, (max-width: 288px) 100vw, 288px\" \/>        <\/div>\r\n\t            <div class=\"content-wrapper rivax-position-bottom style-1\">\r\n            <div class=\"content-wrapper-inner\">\r\n\t                                    <h2 class=\"title\">\r\n                <a href=\"https:\/\/mexicopublica.mx\/en\/zapopan-5-de-agosto-2\/\" class=\"title-animation-default\" title=\"Zapopan 5 De Agosto\">\r\n            Zapopan 5 De Agosto        <\/a>\r\n        <\/h2>\r\n        \t                            <div class=\"meta-wrapper\">\r\n\t                                                                                                                <\/div>\r\n                            <\/div>\r\n        <\/div>\r\n            <\/article>\r\n<\/div><div class=\"post-item\">\r\n    <article class=\"post-wrapper post-68146 post type-post status-publish format-standard has-post-thumbnail hentry category-uncategorized\">\r\n        <a class=\"item-link rivax-position-cover\" href=\"https:\/\/mexicopublica.mx\/en\/zapopan-5-de-agosto\/\"><\/a>        <div class=\"image-wrapper\">\r\n            <img loading=\"lazy\" decoding=\"async\" width=\"288\" height=\"512\" src=\"https:\/\/mexicopublica.mx\/wp-content\/uploads\/2026\/08\/IMG-20260804-WA0103.jpg\" class=\"attachment-full size-full wp-post-image\" alt=\"\" title=\"Zapopan 5 De Agosto\" srcset=\"https:\/\/mexicopublica.mx\/wp-content\/uploads\/2026\/08\/IMG-20260804-WA0103.jpg 288w, https:\/\/mexicopublica.mx\/wp-content\/uploads\/2026\/08\/IMG-20260804-WA0103-169x300.jpg 169w, https:\/\/mexicopublica.mx\/wp-content\/uploads\/2026\/08\/IMG-20260804-WA0103-7x12.jpg 7w\" sizes=\"auto, (max-width: 288px) 100vw, 288px\" \/>        <\/div>\r\n\t            <div class=\"content-wrapper rivax-position-bottom style-1\">\r\n            <div class=\"content-wrapper-inner\">\r\n\t                                    <h2 class=\"title\">\r\n                <a href=\"https:\/\/mexicopublica.mx\/en\/zapopan-5-de-agosto\/\" class=\"title-animation-default\" title=\"Zapopan 5 De Agosto\">\r\n            Zapopan 5 De Agosto        <\/a>\r\n        <\/h2>\r\n        \t                            <div class=\"meta-wrapper\">\r\n\t                                                                                                                <\/div>\r\n                            <\/div>\r\n        <\/div>\r\n            <\/article>\r\n<\/div><div class=\"post-item\">\r\n    <article class=\"post-wrapper post-67697 post type-post status-publish format-standard has-post-thumbnail hentry category-uncategorized\">\r\n        <a class=\"item-link rivax-position-cover\" href=\"https:\/\/mexicopublica.mx\/en\/escoba-de-platino-2026-reconoce-a-zapopan-por-la-calidad-de-sus-servicios\/\"><\/a>        <div class=\"image-wrapper\">\r\n            <img loading=\"lazy\" decoding=\"async\" width=\"900\" height=\"1600\" src=\"https:\/\/mexicopublica.mx\/wp-content\/uploads\/2026\/07\/IMG-20260729-WA0079.jpg\" class=\"attachment-full size-full wp-post-image\" alt=\"\" title=\"Escoba de platino 2026 reconoce a Zapopan por la calidad de sus servicios\" srcset=\"https:\/\/mexicopublica.mx\/wp-content\/uploads\/2026\/07\/IMG-20260729-WA0079.jpg 900w, https:\/\/mexicopublica.mx\/wp-content\/uploads\/2026\/07\/IMG-20260729-WA0079-169x300.jpg 169w, https:\/\/mexicopublica.mx\/wp-content\/uploads\/2026\/07\/IMG-20260729-WA0079-576x1024.jpg 576w, https:\/\/mexicopublica.mx\/wp-content\/uploads\/2026\/07\/IMG-20260729-WA0079-768x1365.jpg 768w, https:\/\/mexicopublica.mx\/wp-content\/uploads\/2026\/07\/IMG-20260729-WA0079-864x1536.jpg 864w, https:\/\/mexicopublica.mx\/wp-content\/uploads\/2026\/07\/IMG-20260729-WA0079-7x12.jpg 7w, https:\/\/mexicopublica.mx\/wp-content\/uploads\/2026\/07\/IMG-20260729-WA0079-450x800.jpg 450w, https:\/\/mexicopublica.mx\/wp-content\/uploads\/2026\/07\/IMG-20260729-WA0079-700x1244.jpg 700w\" sizes=\"auto, (max-width: 900px) 100vw, 900px\" \/>        <\/div>\r\n\t            <div class=\"content-wrapper rivax-position-bottom style-1\">\r\n            <div class=\"content-wrapper-inner\">\r\n\t                                    <h2 class=\"title\">\r\n                <a href=\"https:\/\/mexicopublica.mx\/en\/escoba-de-platino-2026-reconoce-a-zapopan-por-la-calidad-de-sus-servicios\/\" class=\"title-animation-default\" title=\"Escoba de platino 2026 reconoce a Zapopan por la calidad de sus servicios\">\r\n            Escoba de platino 2026 reconoce a Zapopan por la calidad de sus servicios        <\/a>\r\n        <\/h2>\r\n        \t                            <div class=\"meta-wrapper\">\r\n\t                                                                                                                <\/div>\r\n                            <\/div>\r\n        <\/div>\r\n            <\/article>\r\n<\/div><div class=\"post-item\">\r\n    <article class=\"post-wrapper post-67695 post type-post status-publish format-standard has-post-thumbnail hentry category-zapopan\">\r\n        <a class=\"item-link rivax-position-cover\" href=\"https:\/\/mexicopublica.mx\/en\/zapopan-impulsa-40-nuevos-proyectos-emprendedores\/\"><\/a>        <div class=\"image-wrapper\">\r\n            <img loading=\"lazy\" decoding=\"async\" width=\"1080\" height=\"1920\" src=\"https:\/\/mexicopublica.mx\/wp-content\/uploads\/2026\/07\/IMG-20260729-WA0080.jpg\" class=\"attachment-full size-full wp-post-image\" alt=\"\" title=\"Zapopan impulsa 40 nuevos proyectos emprendedores\" srcset=\"https:\/\/mexicopublica.mx\/wp-content\/uploads\/2026\/07\/IMG-20260729-WA0080.jpg 1080w, https:\/\/mexicopublica.mx\/wp-content\/uploads\/2026\/07\/IMG-20260729-WA0080-169x300.jpg 169w, https:\/\/mexicopublica.mx\/wp-content\/uploads\/2026\/07\/IMG-20260729-WA0080-576x1024.jpg 576w, https:\/\/mexicopublica.mx\/wp-content\/uploads\/2026\/07\/IMG-20260729-WA0080-768x1365.jpg 768w, https:\/\/mexicopublica.mx\/wp-content\/uploads\/2026\/07\/IMG-20260729-WA0080-864x1536.jpg 864w, https:\/\/mexicopublica.mx\/wp-content\/uploads\/2026\/07\/IMG-20260729-WA0080-7x12.jpg 7w, https:\/\/mexicopublica.mx\/wp-content\/uploads\/2026\/07\/IMG-20260729-WA0080-450x800.jpg 450w, https:\/\/mexicopublica.mx\/wp-content\/uploads\/2026\/07\/IMG-20260729-WA0080-700x1244.jpg 700w\" sizes=\"auto, (max-width: 1080px) 100vw, 1080px\" \/>        <\/div>\r\n\t            <div class=\"content-wrapper rivax-position-bottom style-1\">\r\n            <div class=\"content-wrapper-inner\">\r\n\t                                    <h2 class=\"title\">\r\n                <a href=\"https:\/\/mexicopublica.mx\/en\/zapopan-impulsa-40-nuevos-proyectos-emprendedores\/\" class=\"title-animation-default\" title=\"Zapopan impulsa 40 nuevos proyectos emprendedores\">\r\n            Zapopan impulsa 40 nuevos proyectos emprendedores        <\/a>\r\n        <\/h2>\r\n        \t                            <div class=\"meta-wrapper\">\r\n\t                                                                                                                <\/div>\r\n                            <\/div>\r\n        <\/div>\r\n            <\/article>\r\n<\/div><div class=\"post-item\">\r\n    <article class=\"post-wrapper post-67687 post type-post status-publish format-standard has-post-thumbnail hentry category-uncategorized\">\r\n        <a class=\"item-link rivax-position-cover\" href=\"https:\/\/mexicopublica.mx\/en\/cumpleanos-de-juan-huerta-congrega-a-lideres-politicos-y-empresariales\/\"><\/a>        <div class=\"image-wrapper\">\r\n            <img loading=\"lazy\" decoding=\"async\" width=\"900\" height=\"1600\" src=\"https:\/\/mexicopublica.mx\/wp-content\/uploads\/2026\/07\/IMG-20260729-WA0097.jpg\" class=\"attachment-full size-full wp-post-image\" alt=\"\" title=\"Cumplea\u00f1os de juan huerta congrega a l\u00edderes pol\u00edticos y empresariales\" srcset=\"https:\/\/mexicopublica.mx\/wp-content\/uploads\/2026\/07\/IMG-20260729-WA0097.jpg 900w, https:\/\/mexicopublica.mx\/wp-content\/uploads\/2026\/07\/IMG-20260729-WA0097-169x300.jpg 169w, https:\/\/mexicopublica.mx\/wp-content\/uploads\/2026\/07\/IMG-20260729-WA0097-576x1024.jpg 576w, https:\/\/mexicopublica.mx\/wp-content\/uploads\/2026\/07\/IMG-20260729-WA0097-768x1365.jpg 768w, https:\/\/mexicopublica.mx\/wp-content\/uploads\/2026\/07\/IMG-20260729-WA0097-864x1536.jpg 864w, https:\/\/mexicopublica.mx\/wp-content\/uploads\/2026\/07\/IMG-20260729-WA0097-7x12.jpg 7w, https:\/\/mexicopublica.mx\/wp-content\/uploads\/2026\/07\/IMG-20260729-WA0097-450x800.jpg 450w, https:\/\/mexicopublica.mx\/wp-content\/uploads\/2026\/07\/IMG-20260729-WA0097-700x1244.jpg 700w\" sizes=\"auto, (max-width: 900px) 100vw, 900px\" \/>        <\/div>\r\n\t            <div class=\"content-wrapper rivax-position-bottom style-1\">\r\n            <div class=\"content-wrapper-inner\">\r\n\t                                    <h2 class=\"title\">\r\n                <a href=\"https:\/\/mexicopublica.mx\/en\/cumpleanos-de-juan-huerta-congrega-a-lideres-politicos-y-empresariales\/\" class=\"title-animation-default\" title=\"Cumplea\u00f1os de juan huerta congrega a l\u00edderes pol\u00edticos y empresariales\">\r\n            Cumplea\u00f1os de juan huerta congrega a l\u00edderes pol\u00edticos y empresariales        <\/a>\r\n        <\/h2>\r\n        \t                            <div class=\"meta-wrapper\">\r\n\t                                                                                                                <\/div>\r\n                            <\/div>\r\n        <\/div>\r\n            <\/article>\r\n<\/div><div class=\"post-item\">\r\n    <article class=\"post-wrapper post-67191 post type-post status-publish format-standard has-post-thumbnail hentry category-zapopan-jalisco\">\r\n        <a class=\"item-link rivax-position-cover\" href=\"https:\/\/mexicopublica.mx\/en\/el-mundial-2026-deja-infraestructura-y-espacios-renovados-juan-jose-frangie\/\"><\/a>        <div class=\"image-wrapper\">\r\n            <img loading=\"lazy\" decoding=\"async\" width=\"900\" height=\"1600\" src=\"https:\/\/mexicopublica.mx\/wp-content\/uploads\/2026\/07\/9a9481f6-50ba-4c21-a4b5-4108d095b1cb.jpg\" class=\"attachment-full size-full wp-post-image\" alt=\"\" title=\"El Mundial 2026 deja infraestructura y espacios renovados: Juan Jos\u00e9 Frangie\" srcset=\"https:\/\/mexicopublica.mx\/wp-content\/uploads\/2026\/07\/9a9481f6-50ba-4c21-a4b5-4108d095b1cb.jpg 900w, https:\/\/mexicopublica.mx\/wp-content\/uploads\/2026\/07\/9a9481f6-50ba-4c21-a4b5-4108d095b1cb-169x300.jpg 169w, https:\/\/mexicopublica.mx\/wp-content\/uploads\/2026\/07\/9a9481f6-50ba-4c21-a4b5-4108d095b1cb-576x1024.jpg 576w, https:\/\/mexicopublica.mx\/wp-content\/uploads\/2026\/07\/9a9481f6-50ba-4c21-a4b5-4108d095b1cb-768x1365.jpg 768w, https:\/\/mexicopublica.mx\/wp-content\/uploads\/2026\/07\/9a9481f6-50ba-4c21-a4b5-4108d095b1cb-864x1536.jpg 864w, https:\/\/mexicopublica.mx\/wp-content\/uploads\/2026\/07\/9a9481f6-50ba-4c21-a4b5-4108d095b1cb-7x12.jpg 7w, https:\/\/mexicopublica.mx\/wp-content\/uploads\/2026\/07\/9a9481f6-50ba-4c21-a4b5-4108d095b1cb-450x800.jpg 450w, https:\/\/mexicopublica.mx\/wp-content\/uploads\/2026\/07\/9a9481f6-50ba-4c21-a4b5-4108d095b1cb-700x1244.jpg 700w\" sizes=\"auto, (max-width: 900px) 100vw, 900px\" \/>        <\/div>\r\n\t            <div class=\"content-wrapper rivax-position-bottom style-1\">\r\n            <div class=\"content-wrapper-inner\">\r\n\t                                    <h2 class=\"title\">\r\n                <a href=\"https:\/\/mexicopublica.mx\/en\/el-mundial-2026-deja-infraestructura-y-espacios-renovados-juan-jose-frangie\/\" class=\"title-animation-default\" title=\"El Mundial 2026 deja infraestructura y espacios renovados: Juan Jos\u00e9 Frangie\">\r\n            El Mundial 2026 deja infraestructura y espacios renovados: Juan Jos\u00e9 Frangie        <\/a>\r\n        <\/h2>\r\n        \t                            <div class=\"meta-wrapper\">\r\n\t                                                                                                                <\/div>\r\n                            <\/div>\r\n        <\/div>\r\n            <\/article>\r\n<\/div><div class=\"post-item\">\r\n    <article class=\"post-wrapper post-67106 post type-post status-publish format-standard has-post-thumbnail hentry category-uncategorized\">\r\n        <a class=\"item-link rivax-position-cover\" href=\"https:\/\/mexicopublica.mx\/en\/asamblea-ciudadana-se-realiza-en-lomas-de-polanco\/\"><\/a>        <div class=\"image-wrapper\">\r\n            <img loading=\"lazy\" decoding=\"async\" width=\"900\" height=\"1600\" src=\"https:\/\/mexicopublica.mx\/wp-content\/uploads\/2026\/07\/IMG-20260720-WA0117.jpg\" class=\"attachment-full size-full wp-post-image\" alt=\"\" title=\"Asamblea ciudadana se realiza en Lomas de Polanco\" srcset=\"https:\/\/mexicopublica.mx\/wp-content\/uploads\/2026\/07\/IMG-20260720-WA0117.jpg 900w, https:\/\/mexicopublica.mx\/wp-content\/uploads\/2026\/07\/IMG-20260720-WA0117-169x300.jpg 169w, https:\/\/mexicopublica.mx\/wp-content\/uploads\/2026\/07\/IMG-20260720-WA0117-576x1024.jpg 576w, https:\/\/mexicopublica.mx\/wp-content\/uploads\/2026\/07\/IMG-20260720-WA0117-768x1365.jpg 768w, https:\/\/mexicopublica.mx\/wp-content\/uploads\/2026\/07\/IMG-20260720-WA0117-864x1536.jpg 864w, https:\/\/mexicopublica.mx\/wp-content\/uploads\/2026\/07\/IMG-20260720-WA0117-7x12.jpg 7w, https:\/\/mexicopublica.mx\/wp-content\/uploads\/2026\/07\/IMG-20260720-WA0117-450x800.jpg 450w, https:\/\/mexicopublica.mx\/wp-content\/uploads\/2026\/07\/IMG-20260720-WA0117-700x1244.jpg 700w\" sizes=\"auto, (max-width: 900px) 100vw, 900px\" \/>        <\/div>\r\n\t            <div class=\"content-wrapper rivax-position-bottom style-1\">\r\n            <div class=\"content-wrapper-inner\">\r\n\t                                    <h2 class=\"title\">\r\n                <a href=\"https:\/\/mexicopublica.mx\/en\/asamblea-ciudadana-se-realiza-en-lomas-de-polanco\/\" class=\"title-animation-default\" title=\"Asamblea ciudadana se realiza en Lomas de Polanco\">\r\n            Asamblea ciudadana se realiza en Lomas de Polanco        <\/a>\r\n        <\/h2>\r\n        \t                            <div class=\"meta-wrapper\">\r\n\t                                                                                                                <\/div>\r\n                            <\/div>\r\n        <\/div>\r\n            <\/article>\r\n<\/div><div class=\"post-item\">\r\n    <article class=\"post-wrapper post-67102 post type-post status-publish format-standard has-post-thumbnail hentry category-jalisco\">\r\n        <a class=\"item-link rivax-position-cover\" href=\"https:\/\/mexicopublica.mx\/en\/firman-convenio-para-obra-estrategica-en-teocaltiche\/\"><\/a>        <div class=\"image-wrapper\">\r\n            <img loading=\"lazy\" decoding=\"async\" width=\"900\" height=\"1600\" src=\"https:\/\/mexicopublica.mx\/wp-content\/uploads\/2026\/07\/IMG-20260720-WA0095.jpg\" class=\"attachment-full size-full wp-post-image\" alt=\"\" title=\"Firman convenio para obra estrat\u00e9gica en Teocaltiche\" srcset=\"https:\/\/mexicopublica.mx\/wp-content\/uploads\/2026\/07\/IMG-20260720-WA0095.jpg 900w, https:\/\/mexicopublica.mx\/wp-content\/uploads\/2026\/07\/IMG-20260720-WA0095-169x300.jpg 169w, https:\/\/mexicopublica.mx\/wp-content\/uploads\/2026\/07\/IMG-20260720-WA0095-576x1024.jpg 576w, https:\/\/mexicopublica.mx\/wp-content\/uploads\/2026\/07\/IMG-20260720-WA0095-768x1365.jpg 768w, https:\/\/mexicopublica.mx\/wp-content\/uploads\/2026\/07\/IMG-20260720-WA0095-864x1536.jpg 864w, https:\/\/mexicopublica.mx\/wp-content\/uploads\/2026\/07\/IMG-20260720-WA0095-7x12.jpg 7w, https:\/\/mexicopublica.mx\/wp-content\/uploads\/2026\/07\/IMG-20260720-WA0095-450x800.jpg 450w, https:\/\/mexicopublica.mx\/wp-content\/uploads\/2026\/07\/IMG-20260720-WA0095-700x1244.jpg 700w\" sizes=\"auto, (max-width: 900px) 100vw, 900px\" \/>        <\/div>\r\n\t            <div class=\"content-wrapper rivax-position-bottom style-1\">\r\n            <div class=\"content-wrapper-inner\">\r\n\t                                    <h2 class=\"title\">\r\n                <a href=\"https:\/\/mexicopublica.mx\/en\/firman-convenio-para-obra-estrategica-en-teocaltiche\/\" class=\"title-animation-default\" title=\"Firman convenio para obra estrat\u00e9gica en Teocaltiche\">\r\n            Firman convenio para obra estrat\u00e9gica en Teocaltiche        <\/a>\r\n        <\/h2>\r\n        \t                            <div class=\"meta-wrapper\">\r\n\t                                                                                                                <\/div>\r\n                            <\/div>\r\n        <\/div>\r\n            <\/article>\r\n<\/div><div class=\"post-item\">\r\n    <article class=\"post-wrapper post-67088 post type-post status-publish format-standard has-post-thumbnail hentry category-uncategorized\">\r\n        <a class=\"item-link rivax-position-cover\" href=\"https:\/\/mexicopublica.mx\/en\/mas-de-40-mil-personas-convirtieron-el-tlajo-fut-fest-en-una-gran-fiesta-tlajomulco\/\"><\/a>        <div class=\"image-wrapper\">\r\n            <img loading=\"lazy\" decoding=\"async\" width=\"900\" height=\"1600\" src=\"https:\/\/mexicopublica.mx\/wp-content\/uploads\/2026\/07\/IMG-20260720-WA0086.jpg\" class=\"attachment-full size-full wp-post-image\" alt=\"\" title=\"M\u00e1s de 40 mil personas convirtieron el Tlajo Fut Fest en una gran fiesta &#8211; Tlajomulco\" srcset=\"https:\/\/mexicopublica.mx\/wp-content\/uploads\/2026\/07\/IMG-20260720-WA0086.jpg 900w, https:\/\/mexicopublica.mx\/wp-content\/uploads\/2026\/07\/IMG-20260720-WA0086-169x300.jpg 169w, https:\/\/mexicopublica.mx\/wp-content\/uploads\/2026\/07\/IMG-20260720-WA0086-576x1024.jpg 576w, https:\/\/mexicopublica.mx\/wp-content\/uploads\/2026\/07\/IMG-20260720-WA0086-768x1365.jpg 768w, https:\/\/mexicopublica.mx\/wp-content\/uploads\/2026\/07\/IMG-20260720-WA0086-864x1536.jpg 864w, https:\/\/mexicopublica.mx\/wp-content\/uploads\/2026\/07\/IMG-20260720-WA0086-7x12.jpg 7w, https:\/\/mexicopublica.mx\/wp-content\/uploads\/2026\/07\/IMG-20260720-WA0086-450x800.jpg 450w, https:\/\/mexicopublica.mx\/wp-content\/uploads\/2026\/07\/IMG-20260720-WA0086-700x1244.jpg 700w\" sizes=\"auto, (max-width: 900px) 100vw, 900px\" \/>        <\/div>\r\n\t            <div class=\"content-wrapper rivax-position-bottom style-1\">\r\n            <div class=\"content-wrapper-inner\">\r\n\t                                    <h2 class=\"title\">\r\n                <a href=\"https:\/\/mexicopublica.mx\/en\/mas-de-40-mil-personas-convirtieron-el-tlajo-fut-fest-en-una-gran-fiesta-tlajomulco\/\" class=\"title-animation-default\" title=\"M\u00e1s de 40 mil personas convirtieron el Tlajo Fut Fest en una gran fiesta &#8211; Tlajomulco\">\r\n            M\u00e1s de 40 mil personas convirtieron el Tlajo Fut Fest en una gran fiesta &#8211; Tlajomulco        <\/a>\r\n        <\/h2>\r\n        \t                            <div class=\"meta-wrapper\">\r\n\t                                                                                                                <\/div>\r\n                            <\/div>\r\n        <\/div>\r\n            <\/article>\r\n<\/div>            <\/div>\r\n    <\/div>\r\n\t\t\t\t<\/div>\n\t\t\t\t<\/div>\n\t\t\t\t\t<\/div>\n\t\t<\/div>\n\t\t\t\t\t<\/div>\n\t\t<\/section>\n\t\t\t\t<section class=\"elementor-section elementor-top-section elementor-element elementor-element-184f98b elementor-hidden-desktop elementor-hidden-tablet elementor-hidden-mobile elementor-section-boxed elementor-section-height-default elementor-section-height-default\" data-id=\"184f98b\" data-element_type=\"section\" data-e-type=\"section\">\n\t\t\t\t\t\t<div class=\"elementor-container elementor-column-gap-default\">\n\t\t\t\t\t<div class=\"elementor-column elementor-col-100 elementor-top-column elementor-element elementor-element-88a86a5\" data-id=\"88a86a5\" data-element_type=\"column\" data-e-type=\"column\">\n\t\t\t<div class=\"elementor-widget-wrap elementor-element-populated\">\n\t\t\t\t\t\t<div class=\"elementor-element elementor-element-4648c76 elementor-widget rivax-post-modern-widget\" data-id=\"4648c76\" data-element_type=\"widget\" data-e-type=\"widget\" data-widget_type=\"rivax-post-modern.default\">\n\t\t\t\t<div class=\"elementor-widget-container\">\n\t\t\t\t\t<div class=\"rivax-posts-container\">\r\n    <div class=\"rivax-posts-wrapper layout-grid\">\r\n                <div class=\"post-item\">\r\n    <article class=\"post-wrapper post-68730 post type-post status-publish format-standard has-post-thumbnail hentry category-uncategorized\">\r\n\t                    <div class=\"image-outer-wrapper\">\r\n            <div class=\"image-wrapper\">\r\n\t\t        <img loading=\"lazy\" decoding=\"async\" width=\"288\" height=\"450\" src=\"https:\/\/mexicopublica.mx\/wp-content\/uploads\/2026\/08\/IMG-20260812-WA0096-288x450.jpg\" class=\"attachment-rivax-medium size-rivax-medium wp-post-image\" alt=\"\" title=\"Zapopan 13 De Agosto\" srcset=\"https:\/\/mexicopublica.mx\/wp-content\/uploads\/2026\/08\/IMG-20260812-WA0096-288x450.jpg 288w, https:\/\/mexicopublica.mx\/wp-content\/uploads\/2026\/08\/IMG-20260812-WA0096-7x12.jpg 7w\" sizes=\"auto, (max-width: 288px) 100vw, 288px\" \/>\t\t        <a class=\"image-link rivax-position-cover\" href=\"https:\/\/mexicopublica.mx\/en\/zapopan-13-de-agosto-2\/\"><\/a>\t\t        \t\t        \r\n\t\t        \r\n\t\t        \r\n            <\/div>\r\n            \r\n\t        \r\n        <\/div>\r\n                <div class=\"content-wrapper\">\r\n\t                    <div class=\"terms-wrapper multi-bg\"><a class=\"term-item term-id-1\" href=\"https:\/\/mexicopublica.mx\/en\/categoria\/uncategorized\/\"><span>Uncategorized<\/span><\/a><\/div>                    <h2 class=\"title\">\r\n                <a href=\"https:\/\/mexicopublica.mx\/en\/zapopan-13-de-agosto-2\/\" class=\"title-animation-underline-in-out\" title=\"Zapopan 13 De Agosto\">\r\n            Zapopan 13 De Agosto        <\/a>\r\n        <\/h2>\r\n                                <div class=\"meta-wrapper\">\r\n\t                                    <div class=\"date-wrapper date-inline\">\r\n                        <span class=\"date\">\r\n                August 13, 2026            <\/span>\r\n        <\/div>\r\n                                                                    <\/div>\r\n                                            <div class=\"rivax-read-more-wrapper\">\r\n            <a href=\"https:\/\/mexicopublica.mx\/en\/zapopan-13-de-agosto-2\/\" class=\"rivax-read-more style-default\">\r\n                <span class=\"read-more-title\">Leer m\u00e1s<\/span>\r\n\t                        <\/a>\r\n        <\/div>\r\n                <\/div>\r\n    <\/article>\r\n<\/div><div class=\"post-item\">\r\n    <article class=\"post-wrapper post-68728 post type-post status-publish format-standard has-post-thumbnail hentry category-uncategorized\">\r\n\t                    <div class=\"image-outer-wrapper\">\r\n            <div class=\"image-wrapper\">\r\n\t\t        <img loading=\"lazy\" decoding=\"async\" width=\"288\" height=\"450\" src=\"https:\/\/mexicopublica.mx\/wp-content\/uploads\/2026\/08\/IMG-20260812-WA0097-288x450.jpg\" class=\"attachment-rivax-medium size-rivax-medium wp-post-image\" alt=\"\" title=\"Zapopan 13 De Agosto\" srcset=\"https:\/\/mexicopublica.mx\/wp-content\/uploads\/2026\/08\/IMG-20260812-WA0097-288x450.jpg 288w, https:\/\/mexicopublica.mx\/wp-content\/uploads\/2026\/08\/IMG-20260812-WA0097-7x12.jpg 7w\" sizes=\"auto, (max-width: 288px) 100vw, 288px\" \/>\t\t        <a class=\"image-link rivax-position-cover\" href=\"https:\/\/mexicopublica.mx\/en\/zapopan-13-de-agosto\/\"><\/a>\t\t        \t\t        \r\n\t\t        \r\n\t\t        \r\n            <\/div>\r\n            \r\n\t        \r\n        <\/div>\r\n                <div class=\"content-wrapper\">\r\n\t                    <div class=\"terms-wrapper multi-bg\"><a class=\"term-item term-id-1\" href=\"https:\/\/mexicopublica.mx\/en\/categoria\/uncategorized\/\"><span>Uncategorized<\/span><\/a><\/div>                    <h2 class=\"title\">\r\n                <a href=\"https:\/\/mexicopublica.mx\/en\/zapopan-13-de-agosto\/\" class=\"title-animation-underline-in-out\" title=\"Zapopan 13 De Agosto\">\r\n            Zapopan 13 De Agosto        <\/a>\r\n        <\/h2>\r\n                                <div class=\"meta-wrapper\">\r\n\t                                    <div class=\"date-wrapper date-inline\">\r\n                        <span class=\"date\">\r\n                August 13, 2026            <\/span>\r\n        <\/div>\r\n                                                                    <\/div>\r\n                                            <div class=\"rivax-read-more-wrapper\">\r\n            <a href=\"https:\/\/mexicopublica.mx\/en\/zapopan-13-de-agosto\/\" class=\"rivax-read-more style-default\">\r\n                <span class=\"read-more-title\">Leer m\u00e1s<\/span>\r\n\t                        <\/a>\r\n        <\/div>\r\n                <\/div>\r\n    <\/article>\r\n<\/div><div class=\"post-item\">\r\n    <article class=\"post-wrapper post-68726 post type-post status-publish format-standard has-post-thumbnail hentry category-uncategorized\">\r\n\t                    <div class=\"image-outer-wrapper\">\r\n            <div class=\"image-wrapper\">\r\n\t\t        <img loading=\"lazy\" decoding=\"async\" width=\"288\" height=\"450\" src=\"https:\/\/mexicopublica.mx\/wp-content\/uploads\/2026\/08\/IMG-20260811-WA0103-288x450.jpg\" class=\"attachment-rivax-medium size-rivax-medium wp-post-image\" alt=\"\" title=\"Jalisco 13 De Agosto\" srcset=\"https:\/\/mexicopublica.mx\/wp-content\/uploads\/2026\/08\/IMG-20260811-WA0103-288x450.jpg 288w, https:\/\/mexicopublica.mx\/wp-content\/uploads\/2026\/08\/IMG-20260811-WA0103-7x12.jpg 7w\" sizes=\"auto, (max-width: 288px) 100vw, 288px\" \/>\t\t        <a class=\"image-link rivax-position-cover\" href=\"https:\/\/mexicopublica.mx\/en\/jalisco-13-de-agosto-2\/\"><\/a>\t\t        \t\t        \r\n\t\t        \r\n\t\t        \r\n            <\/div>\r\n            \r\n\t        \r\n        <\/div>\r\n                <div class=\"content-wrapper\">\r\n\t                    <div class=\"terms-wrapper multi-bg\"><a class=\"term-item term-id-1\" href=\"https:\/\/mexicopublica.mx\/en\/categoria\/uncategorized\/\"><span>Uncategorized<\/span><\/a><\/div>                    <h2 class=\"title\">\r\n                <a href=\"https:\/\/mexicopublica.mx\/en\/jalisco-13-de-agosto-2\/\" class=\"title-animation-underline-in-out\" title=\"Jalisco 13 De Agosto\">\r\n            Jalisco 13 De Agosto        <\/a>\r\n        <\/h2>\r\n                                <div class=\"meta-wrapper\">\r\n\t                                    <div class=\"date-wrapper date-inline\">\r\n                        <span class=\"date\">\r\n                August 13, 2026            <\/span>\r\n        <\/div>\r\n                                                                    <\/div>\r\n                                            <div class=\"rivax-read-more-wrapper\">\r\n            <a href=\"https:\/\/mexicopublica.mx\/en\/jalisco-13-de-agosto-2\/\" class=\"rivax-read-more style-default\">\r\n                <span class=\"read-more-title\">Leer m\u00e1s<\/span>\r\n\t                        <\/a>\r\n        <\/div>\r\n                <\/div>\r\n    <\/article>\r\n<\/div><div class=\"post-item\">\r\n    <article class=\"post-wrapper post-68724 post type-post status-publish format-standard has-post-thumbnail hentry category-uncategorized\">\r\n\t                    <div class=\"image-outer-wrapper\">\r\n            <div class=\"image-wrapper\">\r\n\t\t        <img loading=\"lazy\" decoding=\"async\" width=\"288\" height=\"450\" src=\"https:\/\/mexicopublica.mx\/wp-content\/uploads\/2026\/08\/IMG-20260812-WA0104-288x450.jpg\" class=\"attachment-rivax-medium size-rivax-medium wp-post-image\" alt=\"\" title=\"Jalisco 13 De Agosto\" srcset=\"https:\/\/mexicopublica.mx\/wp-content\/uploads\/2026\/08\/IMG-20260812-WA0104-288x450.jpg 288w, https:\/\/mexicopublica.mx\/wp-content\/uploads\/2026\/08\/IMG-20260812-WA0104-7x12.jpg 7w\" sizes=\"auto, (max-width: 288px) 100vw, 288px\" \/>\t\t        <a class=\"image-link rivax-position-cover\" href=\"https:\/\/mexicopublica.mx\/en\/jalisco-13-de-agosto\/\"><\/a>\t\t        \t\t        \r\n\t\t        \r\n\t\t        \r\n            <\/div>\r\n            \r\n\t        \r\n        <\/div>\r\n                <div class=\"content-wrapper\">\r\n\t                    <div class=\"terms-wrapper multi-bg\"><a class=\"term-item term-id-1\" href=\"https:\/\/mexicopublica.mx\/en\/categoria\/uncategorized\/\"><span>Uncategorized<\/span><\/a><\/div>                    <h2 class=\"title\">\r\n                <a href=\"https:\/\/mexicopublica.mx\/en\/jalisco-13-de-agosto\/\" class=\"title-animation-underline-in-out\" title=\"Jalisco 13 De Agosto\">\r\n            Jalisco 13 De Agosto        <\/a>\r\n        <\/h2>\r\n                                <div class=\"meta-wrapper\">\r\n\t                                    <div class=\"date-wrapper date-inline\">\r\n                        <span class=\"date\">\r\n                August 13, 2026            <\/span>\r\n        <\/div>\r\n                                                                    <\/div>\r\n                                            <div class=\"rivax-read-more-wrapper\">\r\n            <a href=\"https:\/\/mexicopublica.mx\/en\/jalisco-13-de-agosto\/\" class=\"rivax-read-more style-default\">\r\n                <span class=\"read-more-title\">Leer m\u00e1s<\/span>\r\n\t                        <\/a>\r\n        <\/div>\r\n                <\/div>\r\n    <\/article>\r\n<\/div><div class=\"post-item\">\r\n    <article class=\"post-wrapper post-68346 post type-post status-publish format-standard has-post-thumbnail hentry category-uncategorized\">\r\n\t                    <div class=\"image-outer-wrapper\">\r\n            <div class=\"image-wrapper\">\r\n\t\t        <img loading=\"lazy\" decoding=\"async\" width=\"700\" height=\"450\" src=\"https:\/\/mexicopublica.mx\/wp-content\/uploads\/2026\/08\/tono-1-700x450.webp\" class=\"attachment-rivax-medium size-rivax-medium wp-post-image\" alt=\"\" title=\"To\u00f1o P\u00e9rez Encuesta\" srcset=\"https:\/\/mexicopublica.mx\/wp-content\/uploads\/2026\/08\/tono-1-700x450.webp 700w, https:\/\/mexicopublica.mx\/wp-content\/uploads\/2026\/08\/tono-1-18x12.webp 18w\" sizes=\"auto, (max-width: 700px) 100vw, 700px\" \/>\t\t        <a class=\"image-link rivax-position-cover\" href=\"https:\/\/mexicopublica.mx\/en\/tono-perez-encuesta\/\"><\/a>\t\t        \t\t        \r\n\t\t        \r\n\t\t        \r\n            <\/div>\r\n            \r\n\t        \r\n        <\/div>\r\n                <div class=\"content-wrapper\">\r\n\t                    <div class=\"terms-wrapper multi-bg\"><a class=\"term-item term-id-1\" href=\"https:\/\/mexicopublica.mx\/en\/categoria\/uncategorized\/\"><span>Uncategorized<\/span><\/a><\/div>                    <h2 class=\"title\">\r\n                <a href=\"https:\/\/mexicopublica.mx\/en\/tono-perez-encuesta\/\" class=\"title-animation-underline-in-out\" title=\"To\u00f1o P\u00e9rez Encuesta\">\r\n            To\u00f1o P\u00e9rez Encuesta        <\/a>\r\n        <\/h2>\r\n                                <div class=\"meta-wrapper\">\r\n\t                                    <div class=\"date-wrapper date-inline\">\r\n                        <span class=\"date\">\r\n                August 7, 2026            <\/span>\r\n        <\/div>\r\n                                                                    <\/div>\r\n                                            <div class=\"rivax-read-more-wrapper\">\r\n            <a href=\"https:\/\/mexicopublica.mx\/en\/tono-perez-encuesta\/\" class=\"rivax-read-more style-default\">\r\n                <span class=\"read-more-title\">Leer m\u00e1s<\/span>\r\n\t                        <\/a>\r\n        <\/div>\r\n                <\/div>\r\n    <\/article>\r\n<\/div><div class=\"post-item\">\r\n    <article class=\"post-wrapper post-68307 post type-post status-publish format-standard has-post-thumbnail hentry category-uncategorized\">\r\n\t                    <div class=\"image-outer-wrapper\">\r\n            <div class=\"image-wrapper\">\r\n\t\t        <img loading=\"lazy\" decoding=\"async\" width=\"700\" height=\"450\" src=\"https:\/\/mexicopublica.mx\/wp-content\/uploads\/2026\/08\/mery-700x450.webp\" class=\"attachment-rivax-medium size-rivax-medium wp-post-image\" alt=\"\" title=\"Mery Pozos Encuesta\" srcset=\"https:\/\/mexicopublica.mx\/wp-content\/uploads\/2026\/08\/mery-700x450.webp 700w, https:\/\/mexicopublica.mx\/wp-content\/uploads\/2026\/08\/mery-18x12.webp 18w\" sizes=\"auto, (max-width: 700px) 100vw, 700px\" \/>\t\t        <a class=\"image-link rivax-position-cover\" href=\"https:\/\/mexicopublica.mx\/en\/mery-pozos-encuesta\/\"><\/a>\t\t        \t\t        \r\n\t\t        \r\n\t\t        \r\n            <\/div>\r\n            \r\n\t        \r\n        <\/div>\r\n                <div class=\"content-wrapper\">\r\n\t                    <div class=\"terms-wrapper multi-bg\"><a class=\"term-item term-id-1\" href=\"https:\/\/mexicopublica.mx\/en\/categoria\/uncategorized\/\"><span>Uncategorized<\/span><\/a><\/div>                    <h2 class=\"title\">\r\n                <a href=\"https:\/\/mexicopublica.mx\/en\/mery-pozos-encuesta\/\" class=\"title-animation-underline-in-out\" title=\"Mery Pozos Encuesta\">\r\n            Mery Pozos Encuesta        <\/a>\r\n        <\/h2>\r\n                                <div class=\"meta-wrapper\">\r\n\t                                    <div class=\"date-wrapper date-inline\">\r\n                        <span class=\"date\">\r\n                August 7, 2026            <\/span>\r\n        <\/div>\r\n                                                                    <\/div>\r\n                                            <div class=\"rivax-read-more-wrapper\">\r\n            <a href=\"https:\/\/mexicopublica.mx\/en\/mery-pozos-encuesta\/\" class=\"rivax-read-more style-default\">\r\n                <span class=\"read-more-title\">Leer m\u00e1s<\/span>\r\n\t                        <\/a>\r\n        <\/div>\r\n                <\/div>\r\n    <\/article>\r\n<\/div><div class=\"post-item\">\r\n    <article class=\"post-wrapper post-68298 post type-post status-publish format-standard has-post-thumbnail hentry category-uncategorized\">\r\n\t                    <div class=\"image-outer-wrapper\">\r\n            <div class=\"image-wrapper\">\r\n\t\t        <img loading=\"lazy\" decoding=\"async\" width=\"700\" height=\"450\" src=\"https:\/\/mexicopublica.mx\/wp-content\/uploads\/2026\/08\/carlos-700x450.webp\" class=\"attachment-rivax-medium size-rivax-medium wp-post-image\" alt=\"\" title=\"Carlos Lomel\u00ed encuesta\" srcset=\"https:\/\/mexicopublica.mx\/wp-content\/uploads\/2026\/08\/carlos-700x450.webp 700w, https:\/\/mexicopublica.mx\/wp-content\/uploads\/2026\/08\/carlos-18x12.webp 18w\" sizes=\"auto, (max-width: 700px) 100vw, 700px\" \/>\t\t        <a class=\"image-link rivax-position-cover\" href=\"https:\/\/mexicopublica.mx\/en\/carlos-lomeli-encuesta\/\"><\/a>\t\t        \t\t        \r\n\t\t        \r\n\t\t        \r\n            <\/div>\r\n            \r\n\t        \r\n        <\/div>\r\n                <div class=\"content-wrapper\">\r\n\t                    <div class=\"terms-wrapper multi-bg\"><a class=\"term-item term-id-1\" href=\"https:\/\/mexicopublica.mx\/en\/categoria\/uncategorized\/\"><span>Uncategorized<\/span><\/a><\/div>                    <h2 class=\"title\">\r\n                <a href=\"https:\/\/mexicopublica.mx\/en\/carlos-lomeli-encuesta\/\" class=\"title-animation-underline-in-out\" title=\"Carlos Lomel\u00ed encuesta\">\r\n            Carlos Lomel\u00ed encuesta        <\/a>\r\n        <\/h2>\r\n                                <div class=\"meta-wrapper\">\r\n\t                                    <div class=\"date-wrapper date-inline\">\r\n                        <span class=\"date\">\r\n                August 7, 2026            <\/span>\r\n        <\/div>\r\n                                                                    <\/div>\r\n                                            <div class=\"rivax-read-more-wrapper\">\r\n            <a href=\"https:\/\/mexicopublica.mx\/en\/carlos-lomeli-encuesta\/\" class=\"rivax-read-more style-default\">\r\n                <span class=\"read-more-title\">Leer m\u00e1s<\/span>\r\n\t                        <\/a>\r\n        <\/div>\r\n                <\/div>\r\n    <\/article>\r\n<\/div><div class=\"post-item\">\r\n    <article class=\"post-wrapper post-68154 post type-post status-publish format-standard has-post-thumbnail hentry category-uncategorized\">\r\n\t                    <div class=\"image-outer-wrapper\">\r\n            <div class=\"image-wrapper\">\r\n\t\t        <img loading=\"lazy\" decoding=\"async\" width=\"288\" height=\"450\" src=\"https:\/\/mexicopublica.mx\/wp-content\/uploads\/2026\/08\/IMG-20260804-WA0103-288x450.jpg\" class=\"attachment-rivax-medium size-rivax-medium wp-post-image\" alt=\"\" title=\"Zapopan 5 De Agosto\" srcset=\"https:\/\/mexicopublica.mx\/wp-content\/uploads\/2026\/08\/IMG-20260804-WA0103-288x450.jpg 288w, https:\/\/mexicopublica.mx\/wp-content\/uploads\/2026\/08\/IMG-20260804-WA0103-7x12.jpg 7w\" sizes=\"auto, (max-width: 288px) 100vw, 288px\" \/>\t\t        <a class=\"image-link rivax-position-cover\" href=\"https:\/\/mexicopublica.mx\/en\/zapopan-5-de-agosto-2\/\"><\/a>\t\t        \t\t        \r\n\t\t        \r\n\t\t        \r\n            <\/div>\r\n            \r\n\t        \r\n        <\/div>\r\n                <div class=\"content-wrapper\">\r\n\t                    <div class=\"terms-wrapper multi-bg\"><a class=\"term-item term-id-1\" href=\"https:\/\/mexicopublica.mx\/en\/categoria\/uncategorized\/\"><span>Uncategorized<\/span><\/a><\/div>                    <h2 class=\"title\">\r\n                <a href=\"https:\/\/mexicopublica.mx\/en\/zapopan-5-de-agosto-2\/\" class=\"title-animation-underline-in-out\" title=\"Zapopan 5 De Agosto\">\r\n            Zapopan 5 De Agosto        <\/a>\r\n        <\/h2>\r\n                                <div class=\"meta-wrapper\">\r\n\t                                    <div class=\"date-wrapper date-inline\">\r\n                        <span class=\"date\">\r\n                August 5, 2026            <\/span>\r\n        <\/div>\r\n                                                                    <\/div>\r\n                                            <div class=\"rivax-read-more-wrapper\">\r\n            <a href=\"https:\/\/mexicopublica.mx\/en\/zapopan-5-de-agosto-2\/\" class=\"rivax-read-more style-default\">\r\n                <span class=\"read-more-title\">Leer m\u00e1s<\/span>\r\n\t                        <\/a>\r\n        <\/div>\r\n                <\/div>\r\n    <\/article>\r\n<\/div><div class=\"post-item\">\r\n    <article class=\"post-wrapper post-68146 post type-post status-publish format-standard has-post-thumbnail hentry category-uncategorized\">\r\n\t                    <div class=\"image-outer-wrapper\">\r\n            <div class=\"image-wrapper\">\r\n\t\t        <img loading=\"lazy\" decoding=\"async\" width=\"288\" height=\"450\" src=\"https:\/\/mexicopublica.mx\/wp-content\/uploads\/2026\/08\/IMG-20260804-WA0103-288x450.jpg\" class=\"attachment-rivax-medium size-rivax-medium wp-post-image\" alt=\"\" title=\"Zapopan 5 De Agosto\" srcset=\"https:\/\/mexicopublica.mx\/wp-content\/uploads\/2026\/08\/IMG-20260804-WA0103-288x450.jpg 288w, https:\/\/mexicopublica.mx\/wp-content\/uploads\/2026\/08\/IMG-20260804-WA0103-7x12.jpg 7w\" sizes=\"auto, (max-width: 288px) 100vw, 288px\" \/>\t\t        <a class=\"image-link rivax-position-cover\" href=\"https:\/\/mexicopublica.mx\/en\/zapopan-5-de-agosto\/\"><\/a>\t\t        \t\t        \r\n\t\t        \r\n\t\t        \r\n            <\/div>\r\n            \r\n\t        \r\n        <\/div>\r\n                <div class=\"content-wrapper\">\r\n\t                    <div class=\"terms-wrapper multi-bg\"><a class=\"term-item term-id-1\" href=\"https:\/\/mexicopublica.mx\/en\/categoria\/uncategorized\/\"><span>Uncategorized<\/span><\/a><\/div>                    <h2 class=\"title\">\r\n                <a href=\"https:\/\/mexicopublica.mx\/en\/zapopan-5-de-agosto\/\" class=\"title-animation-underline-in-out\" title=\"Zapopan 5 De Agosto\">\r\n            Zapopan 5 De Agosto        <\/a>\r\n        <\/h2>\r\n                                <div class=\"meta-wrapper\">\r\n\t                                    <div class=\"date-wrapper date-inline\">\r\n                        <span class=\"date\">\r\n                August 5, 2026            <\/span>\r\n        <\/div>\r\n                                                                    <\/div>\r\n                                            <div class=\"rivax-read-more-wrapper\">\r\n            <a href=\"https:\/\/mexicopublica.mx\/en\/zapopan-5-de-agosto\/\" class=\"rivax-read-more style-default\">\r\n                <span class=\"read-more-title\">Leer m\u00e1s<\/span>\r\n\t                        <\/a>\r\n        <\/div>\r\n                <\/div>\r\n    <\/article>\r\n<\/div>            <\/div>\r\n                <div class=\"rivax-posts-pagination-wrap\">\r\n                <nav class=\"rivax-posts-pagination standard-pagination elementor-pagination\" aria-label=\"Pagination\" data-total=\"6\">\r\n                    <span aria-current=\"page\" class=\"page-numbers current\">1<\/span>\n<a class=\"page-numbers\" href=\"https:\/\/mexicopublica.mx\/en\/wp-json\/wp\/v2\/pages\/3197\/page\/2\/\">2<\/a>\n<a class=\"page-numbers\" href=\"https:\/\/mexicopublica.mx\/en\/wp-json\/wp\/v2\/pages\/3197\/page\/3\/\">3<\/a>\n<a class=\"page-numbers\" href=\"https:\/\/mexicopublica.mx\/en\/wp-json\/wp\/v2\/pages\/3197\/page\/4\/\">4<\/a>\n<a class=\"page-numbers\" href=\"https:\/\/mexicopublica.mx\/en\/wp-json\/wp\/v2\/pages\/3197\/page\/5\/\">5<\/a>\n<a class=\"page-numbers\" href=\"https:\/\/mexicopublica.mx\/en\/wp-json\/wp\/v2\/pages\/3197\/page\/6\/\">6<\/a>                <\/nav>\r\n            <\/div>\r\n            <\/div>\r\n\t\t\t\t<\/div>\n\t\t\t\t<\/div>\n\t\t\t\t\t<\/div>\n\t\t<\/div>\n\t\t\t\t\t<\/div>\n\t\t<\/section>\n\t\t\t\t<\/div>","protected":false},"excerpt":{"rendered":"<p>Reciente Zapopan 13 De Agosto Zapopan 13 De Agosto Jalisco 13 De Agosto Zapopan 13 De Agosto Zapopan 13 De Agosto Jalisco 13 De Agosto Jalisco 13 De Agosto To\u00f1o P\u00e9rez Encuesta Mery Pozos Encuesta Carlos Lomel\u00ed encuesta Zapopan 5 De Agosto Zapopan 5 De Agosto Escoba de platino 2026 reconoce a Zapopan por la [&hellip;]<\/p>\n","protected":false},"author":1,"featured_media":69717,"parent":0,"menu_order":0,"comment_status":"closed","ping_status":"closed","template":"","meta":{"footnotes":""},"class_list":["post-3197","page","type-page","status-publish","has-post-thumbnail","hentry"],"yoast_head":"<!-- This site is optimized with the Yoast SEO plugin v28.3 - https:\/\/yoast.com\/product\/yoast-seo-wordpress\/ -->\n<title>Grupo M\u00e9xico Publica - Medio de comunicaci\u00f3n y noticias<\/title>\n<meta name=\"description\" content=\"Somos Grupo M\u00e9xico Publica - Periodismo Independiente.\" \/>\n<meta name=\"robots\" content=\"index, follow, max-snippet:-1, max-image-preview:large, max-video-preview:-1\" \/>\n<link rel=\"canonical\" href=\"https:\/\/mexicopublica.mx\/en\/\" \/>\n<meta property=\"og:locale\" content=\"en_US\" \/>\n<meta property=\"og:type\" content=\"article\" \/>\n<meta property=\"og:title\" content=\"Grupo M\u00e9xico Publica - Medio de comunicaci\u00f3n y noticias\" \/>\n<meta property=\"og:description\" content=\"Somos Grupo M\u00e9xico Publica - Periodismo Independiente.\" \/>\n<meta property=\"og:url\" content=\"https:\/\/mexicopublica.mx\/en\/\" \/>\n<meta property=\"og:site_name\" content=\"Grupo M\u00e9xico Publica\" \/>\n<meta property=\"article:modified_time\" content=\"2026-08-31T04:01:15+00:00\" \/>\n<meta property=\"og:image\" content=\"https:\/\/mexicopublica.mx\/wp-content\/uploads\/2026\/08\/aniver31.webp\" \/>\n\t<meta property=\"og:image:width\" content=\"512\" \/>\n\t<meta property=\"og:image:height\" content=\"512\" \/>\n\t<meta property=\"og:image:type\" content=\"image\/webp\" \/>\n<meta name=\"twitter:card\" content=\"summary_large_image\" \/>\n<meta name=\"twitter:label1\" content=\"Est. reading time\" \/>\n\t<meta name=\"twitter:data1\" content=\"7 minutes\" \/>\n<script type=\"application\/ld+json\" class=\"yoast-schema-graph\">{\"@context\":\"https:\\\/\\\/schema.org\",\"@graph\":[{\"@type\":\"WebPage\",\"@id\":\"https:\\\/\\\/mexicopublica.mx\\\/\",\"url\":\"https:\\\/\\\/mexicopublica.mx\\\/\",\"name\":\"Grupo M\u00e9xico Publica - Medio de comunicaci\u00f3n y noticias\",\"isPartOf\":{\"@id\":\"https:\\\/\\\/mexicopublica.mx\\\/#website\"},\"primaryImageOfPage\":{\"@id\":\"https:\\\/\\\/mexicopublica.mx\\\/#primaryimage\"},\"image\":{\"@id\":\"https:\\\/\\\/mexicopublica.mx\\\/#primaryimage\"},\"thumbnailUrl\":\"https:\\\/\\\/mexicopublica.mx\\\/wp-content\\\/uploads\\\/2026\\\/08\\\/aniver31.webp\",\"datePublished\":\"2022-10-16T13:37:21+00:00\",\"dateModified\":\"2026-08-31T04:01:15+00:00\",\"description\":\"Somos Grupo M\u00e9xico Publica - Periodismo Independiente.\",\"breadcrumb\":{\"@id\":\"https:\\\/\\\/mexicopublica.mx\\\/#breadcrumb\"},\"inLanguage\":\"en-US\",\"potentialAction\":[{\"@type\":\"ReadAction\",\"target\":[\"https:\\\/\\\/mexicopublica.mx\\\/\"]}]},{\"@type\":\"ImageObject\",\"inLanguage\":\"en-US\",\"@id\":\"https:\\\/\\\/mexicopublica.mx\\\/#primaryimage\",\"url\":\"https:\\\/\\\/mexicopublica.mx\\\/wp-content\\\/uploads\\\/2026\\\/08\\\/aniver31.webp\",\"contentUrl\":\"https:\\\/\\\/mexicopublica.mx\\\/wp-content\\\/uploads\\\/2026\\\/08\\\/aniver31.webp\",\"width\":512,\"height\":512},{\"@type\":\"BreadcrumbList\",\"@id\":\"https:\\\/\\\/mexicopublica.mx\\\/#breadcrumb\",\"itemListElement\":[{\"@type\":\"ListItem\",\"position\":1,\"name\":\"Portada\",\"item\":\"https:\\\/\\\/mexicopublica.mx\\\/\"},{\"@type\":\"ListItem\",\"position\":2,\"name\":\"M\u00e9xico Publica\"}]},{\"@type\":\"WebSite\",\"@id\":\"https:\\\/\\\/mexicopublica.mx\\\/#website\",\"url\":\"https:\\\/\\\/mexicopublica.mx\\\/\",\"name\":\"M\u00e9xico Publica\",\"description\":\"Noticias\",\"publisher\":{\"@id\":\"https:\\\/\\\/mexicopublica.mx\\\/#organization\"},\"potentialAction\":[{\"@type\":\"SearchAction\",\"target\":{\"@type\":\"EntryPoint\",\"urlTemplate\":\"https:\\\/\\\/mexicopublica.mx\\\/?s={search_term_string}\"},\"query-input\":{\"@type\":\"PropertyValueSpecification\",\"valueRequired\":true,\"valueName\":\"search_term_string\"}}],\"inLanguage\":\"en-US\"},{\"@type\":\"Organization\",\"@id\":\"https:\\\/\\\/mexicopublica.mx\\\/#organization\",\"name\":\"M\u00e9xico Publica\",\"url\":\"https:\\\/\\\/mexicopublica.mx\\\/\",\"logo\":{\"@type\":\"ImageObject\",\"inLanguage\":\"en-US\",\"@id\":\"https:\\\/\\\/mexicopublica.mx\\\/#\\\/schema\\\/logo\\\/image\\\/\",\"url\":\"https:\\\/\\\/mexicopublica.mx\\\/wp-content\\\/uploads\\\/2025\\\/08\\\/logo-gmp-web.webp\",\"contentUrl\":\"https:\\\/\\\/mexicopublica.mx\\\/wp-content\\\/uploads\\\/2025\\\/08\\\/logo-gmp-web.webp\",\"width\":1200,\"height\":1200,\"caption\":\"M\u00e9xico Publica\"},\"image\":{\"@id\":\"https:\\\/\\\/mexicopublica.mx\\\/#\\\/schema\\\/logo\\\/image\\\/\"}}]}<\/script>\n<!-- \/ Yoast SEO plugin. -->","yoast_head_json":{"title":"Grupo M\u00e9xico Publica - Medio de comunicaci\u00f3n y noticias","description":"Somos Grupo M\u00e9xico Publica - Periodismo Independiente.","robots":{"index":"index","follow":"follow","max-snippet":"max-snippet:-1","max-image-preview":"max-image-preview:large","max-video-preview":"max-video-preview:-1"},"canonical":"https:\/\/mexicopublica.mx\/en\/","og_locale":"en_US","og_type":"article","og_title":"Grupo M\u00e9xico Publica - Medio de comunicaci\u00f3n y noticias","og_description":"Somos Grupo M\u00e9xico Publica - Periodismo Independiente.","og_url":"https:\/\/mexicopublica.mx\/en\/","og_site_name":"Grupo M\u00e9xico Publica","article_modified_time":"2026-08-31T04:01:15+00:00","og_image":[{"width":512,"height":512,"url":"https:\/\/mexicopublica.mx\/wp-content\/uploads\/2026\/08\/aniver31.webp","type":"image\/webp"}],"twitter_card":"summary_large_image","twitter_misc":{"Est. reading time":"7 minutes"},"schema":{"@context":"https:\/\/schema.org","@graph":[{"@type":"WebPage","@id":"https:\/\/mexicopublica.mx\/","url":"https:\/\/mexicopublica.mx\/","name":"Grupo M\u00e9xico Publica - Medio de comunicaci\u00f3n y noticias","isPartOf":{"@id":"https:\/\/mexicopublica.mx\/#website"},"primaryImageOfPage":{"@id":"https:\/\/mexicopublica.mx\/#primaryimage"},"image":{"@id":"https:\/\/mexicopublica.mx\/#primaryimage"},"thumbnailUrl":"https:\/\/mexicopublica.mx\/wp-content\/uploads\/2026\/08\/aniver31.webp","datePublished":"2022-10-16T13:37:21+00:00","dateModified":"2026-08-31T04:01:15+00:00","description":"Somos Grupo M\u00e9xico Publica - Periodismo Independiente.","breadcrumb":{"@id":"https:\/\/mexicopublica.mx\/#breadcrumb"},"inLanguage":"en-US","potentialAction":[{"@type":"ReadAction","target":["https:\/\/mexicopublica.mx\/"]}]},{"@type":"ImageObject","inLanguage":"en-US","@id":"https:\/\/mexicopublica.mx\/#primaryimage","url":"https:\/\/mexicopublica.mx\/wp-content\/uploads\/2026\/08\/aniver31.webp","contentUrl":"https:\/\/mexicopublica.mx\/wp-content\/uploads\/2026\/08\/aniver31.webp","width":512,"height":512},{"@type":"BreadcrumbList","@id":"https:\/\/mexicopublica.mx\/#breadcrumb","itemListElement":[{"@type":"ListItem","position":1,"name":"Portada","item":"https:\/\/mexicopublica.mx\/"},{"@type":"ListItem","position":2,"name":"M\u00e9xico Publica"}]},{"@type":"WebSite","@id":"https:\/\/mexicopublica.mx\/#website","url":"https:\/\/mexicopublica.mx\/","name":"M\u00e9xico Publica","description":"Noticias","publisher":{"@id":"https:\/\/mexicopublica.mx\/#organization"},"potentialAction":[{"@type":"SearchAction","target":{"@type":"EntryPoint","urlTemplate":"https:\/\/mexicopublica.mx\/?s={search_term_string}"},"query-input":{"@type":"PropertyValueSpecification","valueRequired":true,"valueName":"search_term_string"}}],"inLanguage":"en-US"},{"@type":"Organization","@id":"https:\/\/mexicopublica.mx\/#organization","name":"M\u00e9xico Publica","url":"https:\/\/mexicopublica.mx\/","logo":{"@type":"ImageObject","inLanguage":"en-US","@id":"https:\/\/mexicopublica.mx\/#\/schema\/logo\/image\/","url":"https:\/\/mexicopublica.mx\/wp-content\/uploads\/2025\/08\/logo-gmp-web.webp","contentUrl":"https:\/\/mexicopublica.mx\/wp-content\/uploads\/2025\/08\/logo-gmp-web.webp","width":1200,"height":1200,"caption":"M\u00e9xico Publica"},"image":{"@id":"https:\/\/mexicopublica.mx\/#\/schema\/logo\/image\/"}}]}},"_links":{"self":[{"href":"https:\/\/mexicopublica.mx\/en\/wp-json\/wp\/v2\/pages\/3197","targetHints":{"allow":["GET"]}}],"collection":[{"href":"https:\/\/mexicopublica.mx\/en\/wp-json\/wp\/v2\/pages"}],"about":[{"href":"https:\/\/mexicopublica.mx\/en\/wp-json\/wp\/v2\/types\/page"}],"author":[{"embeddable":true,"href":"https:\/\/mexicopublica.mx\/en\/wp-json\/wp\/v2\/users\/1"}],"replies":[{"embeddable":true,"href":"https:\/\/mexicopublica.mx\/en\/wp-json\/wp\/v2\/comments?post=3197"}],"version-history":[{"count":322,"href":"https:\/\/mexicopublica.mx\/en\/wp-json\/wp\/v2\/pages\/3197\/revisions"}],"predecessor-version":[{"id":69716,"href":"https:\/\/mexicopublica.mx\/en\/wp-json\/wp\/v2\/pages\/3197\/revisions\/69716"}],"wp:featuredmedia":[{"embeddable":true,"href":"https:\/\/mexicopublica.mx\/en\/wp-json\/wp\/v2\/media\/69717"}],"wp:attachment":[{"href":"https:\/\/mexicopublica.mx\/en\/wp-json\/wp\/v2\/media?parent=3197"}],"curies":[{"name":"wp","href":"https:\/\/api.w.org\/{rel}","templated":true}]}}