{"id":3197,"date":"2022-10-16T13:37:21","date_gmt":"2022-10-16T13:37:21","guid":{"rendered":"https:\/\/demo.rivaxstudio.com\/fonix\/main\/?page_id=3197"},"modified":"2026-01-28T19:04:22","modified_gmt":"2026-01-28T19:04:22","slug":"inicio","status":"publish","type":"page","link":"https:\/\/mexicopublica.mx\/en\/","title":{"rendered":"M\u00e9xico Publica"},"content":{"rendered":"<div data-elementor-type=\"wp-page\" data-elementor-id=\"3197\" class=\"elementor elementor-3197\">\n\t\t\t\t\t\t<section class=\"elementor-section elementor-top-section elementor-element elementor-element-afdcd2f elementor-section-boxed elementor-section-height-default elementor-section-height-default\" data-id=\"afdcd2f\" data-element_type=\"section\" data-e-type=\"section\">\n\t\t\t\t\t\t<div class=\"elementor-container elementor-column-gap-default\">\n\t\t\t\t\t<div class=\"elementor-column elementor-col-100 elementor-top-column elementor-element elementor-element-1389a53\" data-id=\"1389a53\" data-element_type=\"column\" data-e-type=\"column\">\n\t\t\t<div class=\"elementor-widget-wrap elementor-element-populated\">\n\t\t\t\t\t\t<div class=\"elementor-element elementor-element-bca3ef9 elementor-widget rivax-news-ticker-widget\" data-id=\"bca3ef9\" data-element_type=\"widget\" data-e-type=\"widget\" data-widget_type=\"rivax-news-ticker.default\">\n\t\t\t\t<div class=\"elementor-widget-container\">\n\t\t\t\t\t<div class=\"rivax-news-ticker-wrapper\">\r\n            <div class=\"rivax-news-ticker-title-wrapper\">\r\n\r\n                            <span class=\"rivax-news-ticker-title-icon-wrapper\">\r\n\r\n                                            <span class=\"rivax-news-ticker-title-pulse\"><\/span>\r\n                                    <\/span>\r\n            \r\n                            <span class=\"rivax-news-ticker-title-text\">\r\n                    Reciente                <\/span>\r\n            \r\n        <\/div>\r\n    \r\n        <div id=\"rivax-news-ticker-bca3ef9\" class=\"rivax-news-ticker-content-wrapper animation-type\" data-settings=\"{&quot;autoplay&quot;:{&quot;delay&quot;:5000},&quot;loop&quot;:true,&quot;spaceBetween&quot;:20,&quot;speed&quot;:100,&quot;effect&quot;:&quot;fade&quot;,&quot;direction&quot;:&quot;horizontal&quot;,&quot;navigation&quot;:{&quot;nextEl&quot;:&quot;#rivax-news-ticker-bca3ef9 .carousel-nav-next&quot;,&quot;prevEl&quot;:&quot;#rivax-news-ticker-bca3ef9 .carousel-nav-prev&quot;},&quot;a11y&quot;:{&quot;enabled&quot;:&quot;false&quot;},&quot;fadeEffect&quot;:{&quot;crossFade&quot;:true}}\">\r\n        <div class=\"rivax-news-ticker-content swiper-container\">\r\n            <div class=\"rivax-news-ticker-items swiper-wrapper\">\r\n                                            <div class=\"rivax-news-ticker-item swiper-slide\">\r\n                                \r\n                                \r\n                                \r\n                                <div class=\"item-title\"><a  href=\"https:\/\/mexicopublica.mx\/en\/van-a-vivir-en-el-infierno-amenaza-trump-a-iran-por-bloqueo-de-ormuz-usa-publishes\/\">\u201cVan a vivir en el infierno\u201d amenaza trump a Iran por bloqueo de Ormuz &#8211; Usa Publishes<\/a><\/div>\r\n                            <\/div>\r\n                                                        <div class=\"rivax-news-ticker-item swiper-slide\">\r\n                                \r\n                                \r\n                                \r\n                                <div class=\"item-title\"><a  href=\"https:\/\/mexicopublica.mx\/en\/tono-astiazaran-mas-ciclovias-y-arte-para-las-colonias-de-hermosillo\/\">\u201cTo\u00f1o\u201d Astiazar\u00e1n: m\u00e1s ciclov\u00edas y arte para las colonias de Hermosillo.<\/a><\/div>\r\n                            <\/div>\r\n                                                        <div class=\"rivax-news-ticker-item swiper-slide\">\r\n                                \r\n                                \r\n                                \r\n                                <div class=\"item-title\"><a  href=\"https:\/\/mexicopublica.mx\/en\/tono-astiazaran-crecimiento-equitativo-para-todas-las-colonias-de-hermosillo\/\">\u201cTo\u00f1o\u201d Astiazar\u00e1n: Crecimiento equitativo para todas las colonias de Hermosillo.<\/a><\/div>\r\n                            <\/div>\r\n                                        <\/div>\r\n                    <\/div>\r\n                    <div class=\"rivax-news-ticker-arrows\">\r\n                <a href=\"\" class=\"carousel-nav-prev\">\r\n                    <i class=\"ri-arrow-alt-circle-right\"><\/i>\r\n                <\/a>\r\n                <a href=\"\" class=\"carousel-nav-next\">\r\n                    <i class=\"ri-arrow-alt-circle-right\"><\/i>\r\n                <\/a>\r\n            <\/div>\r\n            <\/div>\r\n<\/div>\r\n\t\t\t\t<\/div>\n\t\t\t\t<\/div>\n\t\t\t\t\t<\/div>\n\t\t<\/div>\n\t\t\t\t\t<\/div>\n\t\t<\/section>\n\t\t\t\t<section class=\"elementor-section elementor-top-section elementor-element elementor-element-a96c41f elementor-section-boxed elementor-section-height-default elementor-section-height-default\" data-id=\"a96c41f\" data-element_type=\"section\" data-e-type=\"section\">\n\t\t\t\t\t\t<div class=\"elementor-container elementor-column-gap-default\">\n\t\t\t\t\t<div class=\"elementor-column elementor-col-100 elementor-top-column elementor-element elementor-element-0b278ec\" data-id=\"0b278ec\" data-element_type=\"column\" data-e-type=\"column\">\n\t\t\t<div class=\"elementor-widget-wrap elementor-element-populated\">\n\t\t\t\t\t\t<div class=\"elementor-element elementor-element-31823ea elementor-widget rivax-post-kenzo-widget\" data-id=\"31823ea\" data-element_type=\"widget\" data-e-type=\"widget\" data-widget_type=\"rivax-post-kenzo.default\">\n\t\t\t\t<div class=\"elementor-widget-container\">\n\t\t\t\t\t<div class=\"rivax-posts-container\">\r\n    <div class=\"rivax-posts-wrapper layout-grid tiles-layout-23\">\r\n                <div class=\"post-item\">\r\n    <article class=\"post-wrapper post-59431 post type-post status-publish format-standard has-post-thumbnail hentry category-nayarit\">\r\n        <a class=\"item-link rivax-position-cover\" href=\"https:\/\/mexicopublica.mx\/en\/bahia-de-banderas-impulsa-capacitacion-para-el-autoempleo-con-talleres-comunitarios\/\"><\/a>        <div class=\"image-wrapper\">\r\n            <img fetchpriority=\"high\" decoding=\"async\" width=\"1000\" height=\"600\" src=\"https:\/\/mexicopublica.mx\/wp-content\/uploads\/2026\/04\/WhatsApp-Image-2026-04-27-at-1.03.41-PM-1000x600.jpeg\" class=\"attachment-rivax-large size-rivax-large wp-post-image\" alt=\"\" title=\"Bah\u00eda de Banderas impulsa capacitaci\u00f3n para el autoempleo con talleres comunitarios\" \/>        <\/div>\r\n\t            <div class=\"content-wrapper rivax-position-bottom style-2\">\r\n            <div class=\"content-wrapper-inner\">\r\n\t            <div class=\"terms-wrapper multi-bg\"><a class=\"term-item term-id-24\" href=\"https:\/\/mexicopublica.mx\/en\/categoria\/nayarit\/\"><span>Nayarit<\/span><\/a><\/div>                        <h1 class=\"title\">\r\n                <a href=\"https:\/\/mexicopublica.mx\/en\/bahia-de-banderas-impulsa-capacitacion-para-el-autoempleo-con-talleres-comunitarios\/\" class=\"title-animation-underline-in-out\" title=\"Bah\u00eda de Banderas impulsa capacitaci\u00f3n para el autoempleo con talleres comunitarios\">\r\n            Bah\u00eda de Banderas impulsa capacitaci\u00f3n para el autoempleo con talleres comunitarios        <\/a>\r\n        <\/h1>\r\n        \t                            <div class=\"meta-wrapper\">\r\n\t                                            <div class=\"date-wrapper date-inline\">\r\n                            <i class=\"ri-calendar-line\"><\/i>\r\n                        <span class=\"date\">\r\n                April 27, 2026            <\/span>\r\n        <\/div>\r\n                                                                                    <\/div>\r\n                            <\/div>\r\n        <\/div>\r\n            <\/article>\r\n<\/div><div class=\"post-item\">\r\n    <article class=\"post-wrapper post-59427 post type-post status-publish format-standard has-post-thumbnail hentry category-nayarit\">\r\n        <a class=\"item-link rivax-position-cover\" href=\"https:\/\/mexicopublica.mx\/en\/aulas-que-forman-vocaciones-y-transforman-futuros-en-nayarit\/\"><\/a>        <div class=\"image-wrapper\">\r\n            <img decoding=\"async\" width=\"900\" height=\"600\" src=\"https:\/\/mexicopublica.mx\/wp-content\/uploads\/2026\/04\/WhatsApp-Image-2026-04-27-at-1.04.06-PM-900x600.jpeg\" class=\"attachment-rivax-large size-rivax-large wp-post-image\" alt=\"\" title=\"AULAS QUE FORMAN VOCACIONES Y TRANSFORMAN FUTUROS EN NAYARIT\" \/>        <\/div>\r\n\t            <div class=\"content-wrapper rivax-position-bottom style-2\">\r\n            <div class=\"content-wrapper-inner\">\r\n\t            <div class=\"terms-wrapper multi-bg\"><a class=\"term-item term-id-24\" href=\"https:\/\/mexicopublica.mx\/en\/categoria\/nayarit\/\"><span>Nayarit<\/span><\/a><\/div>                        <h1 class=\"title\">\r\n                <a href=\"https:\/\/mexicopublica.mx\/en\/aulas-que-forman-vocaciones-y-transforman-futuros-en-nayarit\/\" class=\"title-animation-underline-in-out\" title=\"AULAS QUE FORMAN VOCACIONES Y TRANSFORMAN FUTUROS EN NAYARIT\">\r\n            AULAS QUE FORMAN VOCACIONES Y TRANSFORMAN FUTUROS EN NAYARIT        <\/a>\r\n        <\/h1>\r\n        \t                            <div class=\"meta-wrapper\">\r\n\t                                            <div class=\"date-wrapper date-inline\">\r\n                            <i class=\"ri-calendar-line\"><\/i>\r\n                        <span class=\"date\">\r\n                April 27, 2026            <\/span>\r\n        <\/div>\r\n                                                                                    <\/div>\r\n                            <\/div>\r\n        <\/div>\r\n            <\/article>\r\n<\/div><div class=\"post-item\">\r\n    <article class=\"post-wrapper post-59423 post type-post status-publish format-standard has-post-thumbnail hentry category-nayarit\">\r\n        <a class=\"item-link rivax-position-cover\" href=\"https:\/\/mexicopublica.mx\/en\/maquinaria-para-el-campo-refuerza-apoyo-a-productores-en-acaponeta\/\"><\/a>        <div class=\"image-wrapper\">\r\n            <img decoding=\"async\" width=\"900\" height=\"600\" src=\"https:\/\/mexicopublica.mx\/wp-content\/uploads\/2026\/04\/WhatsApp-Image-2026-04-27-at-12.54.23-PM-900x600.jpeg\" class=\"attachment-rivax-large size-rivax-large wp-post-image\" alt=\"\" title=\"MAQUINARIA PARA EL CAMPO REFUERZA APOYO A PRODUCTORES EN ACAPONETA\" \/>        <\/div>\r\n\t            <div class=\"content-wrapper rivax-position-bottom style-2\">\r\n            <div class=\"content-wrapper-inner\">\r\n\t            <div class=\"terms-wrapper multi-bg\"><a class=\"term-item term-id-24\" href=\"https:\/\/mexicopublica.mx\/en\/categoria\/nayarit\/\"><span>Nayarit<\/span><\/a><\/div>                        <h1 class=\"title\">\r\n                <a href=\"https:\/\/mexicopublica.mx\/en\/maquinaria-para-el-campo-refuerza-apoyo-a-productores-en-acaponeta\/\" class=\"title-animation-underline-in-out\" title=\"MAQUINARIA PARA EL CAMPO REFUERZA APOYO A PRODUCTORES EN ACAPONETA\">\r\n            MAQUINARIA PARA EL CAMPO REFUERZA APOYO A PRODUCTORES EN ACAPONETA        <\/a>\r\n        <\/h1>\r\n        \t                            <div class=\"meta-wrapper\">\r\n\t                                            <div class=\"date-wrapper date-inline\">\r\n                            <i class=\"ri-calendar-line\"><\/i>\r\n                        <span class=\"date\">\r\n                April 27, 2026            <\/span>\r\n        <\/div>\r\n                                                                                    <\/div>\r\n                            <\/div>\r\n        <\/div>\r\n            <\/article>\r\n<\/div><div class=\"post-item\">\r\n    <article class=\"post-wrapper post-59419 post type-post status-publish format-standard has-post-thumbnail hentry category-jalisco\">\r\n        <a class=\"item-link rivax-position-cover\" href=\"https:\/\/mexicopublica.mx\/en\/un-cambio-que-se-mueve-en-jalisco-transporte-gratuito-abre-nuevas-oportunidades-para-ninas-y-ninos\/\"><\/a>        <div class=\"image-wrapper\">\r\n            <img loading=\"lazy\" decoding=\"async\" width=\"1000\" height=\"600\" src=\"https:\/\/mexicopublica.mx\/wp-content\/uploads\/2026\/04\/WhatsApp-Image-2026-04-27-at-11.57.49-AM-1000x600.jpeg\" class=\"attachment-rivax-large size-rivax-large wp-post-image\" alt=\"\" title=\"Un cambio que se mueve en Jalisco transporte gratuito abre nuevas oportunidades para ni\u00f1as y ni\u00f1os\" srcset=\"https:\/\/mexicopublica.mx\/wp-content\/uploads\/2026\/04\/WhatsApp-Image-2026-04-27-at-11.57.49-AM-1000x600.jpeg 1000w, https:\/\/mexicopublica.mx\/wp-content\/uploads\/2026\/04\/WhatsApp-Image-2026-04-27-at-11.57.49-AM-18x12.jpeg 18w\" sizes=\"(max-width: 1000px) 100vw, 1000px\" \/>        <\/div>\r\n\t            <div class=\"content-wrapper rivax-position-bottom style-2\">\r\n            <div class=\"content-wrapper-inner\">\r\n\t            <div class=\"terms-wrapper multi-bg\"><a class=\"term-item term-id-21\" href=\"https:\/\/mexicopublica.mx\/en\/categoria\/jalisco\/\"><span>Jalisco<\/span><\/a><\/div>                        <h1 class=\"title\">\r\n                <a href=\"https:\/\/mexicopublica.mx\/en\/un-cambio-que-se-mueve-en-jalisco-transporte-gratuito-abre-nuevas-oportunidades-para-ninas-y-ninos\/\" class=\"title-animation-underline-in-out\" title=\"Un cambio que se mueve en Jalisco transporte gratuito abre nuevas oportunidades para ni\u00f1as y ni\u00f1os\">\r\n            Un cambio que se mueve en Jalisco transporte gratuito abre nuevas oportunidades...        <\/a>\r\n        <\/h1>\r\n        \t                            <div class=\"meta-wrapper\">\r\n\t                                            <div class=\"date-wrapper date-inline\">\r\n                            <i class=\"ri-calendar-line\"><\/i>\r\n                        <span class=\"date\">\r\n                April 27, 2026            <\/span>\r\n        <\/div>\r\n                                                                                    <\/div>\r\n                            <\/div>\r\n        <\/div>\r\n            <\/article>\r\n<\/div><div class=\"post-item\">\r\n    <article class=\"post-wrapper post-59415 post type-post status-publish format-standard has-post-thumbnail hentry category-internacional\">\r\n        <a class=\"item-link rivax-position-cover\" href=\"https:\/\/mexicopublica.mx\/en\/marco-rubio-niega-veto-a-iran-en-el-mundial-2026-y-descarta-su-excursion\/\"><\/a>        <div class=\"image-wrapper\">\r\n            <img loading=\"lazy\" decoding=\"async\" width=\"1000\" height=\"600\" src=\"https:\/\/mexicopublica.mx\/wp-content\/uploads\/2026\/04\/WhatsApp-Image-2026-04-27-at-11.23.01-AM-1000x600.jpeg\" class=\"attachment-rivax-large size-rivax-large wp-post-image\" alt=\"\" title=\"Marco Rubio niega veto a Ir\u00e1n en el mundial 2026 y descarta su excursi\u00f3n &#8211;\" srcset=\"https:\/\/mexicopublica.mx\/wp-content\/uploads\/2026\/04\/WhatsApp-Image-2026-04-27-at-11.23.01-AM-1000x600.jpeg 1000w, https:\/\/mexicopublica.mx\/wp-content\/uploads\/2026\/04\/WhatsApp-Image-2026-04-27-at-11.23.01-AM-18x12.jpeg 18w\" sizes=\"(max-width: 1000px) 100vw, 1000px\" \/>        <\/div>\r\n\t            <div class=\"content-wrapper rivax-position-bottom style-2\">\r\n            <div class=\"content-wrapper-inner\">\r\n\t            <div class=\"terms-wrapper multi-bg\"><a class=\"term-item term-id-55\" href=\"https:\/\/mexicopublica.mx\/en\/categoria\/internacional\/\"><span>Internacional<\/span><\/a><\/div>                        <h1 class=\"title\">\r\n                <a href=\"https:\/\/mexicopublica.mx\/en\/marco-rubio-niega-veto-a-iran-en-el-mundial-2026-y-descarta-su-excursion\/\" class=\"title-animation-underline-in-out\" title=\"Marco Rubio niega veto a Ir\u00e1n en el mundial 2026 y descarta su excursi\u00f3n &#8211;\">\r\n            Marco Rubio niega veto a Ir\u00e1n en el mundial 2026 y descarta...        <\/a>\r\n        <\/h1>\r\n        \t                            <div class=\"meta-wrapper\">\r\n\t                                            <div class=\"date-wrapper date-inline\">\r\n                            <i class=\"ri-calendar-line\"><\/i>\r\n                        <span class=\"date\">\r\n                April 27, 2026            <\/span>\r\n        <\/div>\r\n                                                                                    <\/div>\r\n                            <\/div>\r\n        <\/div>\r\n            <\/article>\r\n<\/div><div class=\"post-item\">\r\n    <article class=\"post-wrapper post-59410 post type-post status-publish format-standard has-post-thumbnail hentry category-nacional\">\r\n        <a class=\"item-link rivax-position-cover\" href=\"https:\/\/mexicopublica.mx\/en\/inauguracion-del-tren-felipe-angeles-que-conecta-cdmx-con-el-aifa\/\"><\/a>        <div class=\"image-wrapper\">\r\n            <img loading=\"lazy\" decoding=\"async\" width=\"768\" height=\"576\" src=\"https:\/\/mexicopublica.mx\/wp-content\/uploads\/2026\/04\/WhatsApp-Image-2026-04-27-at-11.13.13-AM.jpeg\" class=\"attachment-rivax-large size-rivax-large wp-post-image\" alt=\"\" title=\"Inauguraci\u00f3n del tren Felipe-\u00c1ngeles que conecta CDMX con el AIFA\" srcset=\"https:\/\/mexicopublica.mx\/wp-content\/uploads\/2026\/04\/WhatsApp-Image-2026-04-27-at-11.13.13-AM.jpeg 768w, https:\/\/mexicopublica.mx\/wp-content\/uploads\/2026\/04\/WhatsApp-Image-2026-04-27-at-11.13.13-AM-300x225.jpeg 300w, https:\/\/mexicopublica.mx\/wp-content\/uploads\/2026\/04\/WhatsApp-Image-2026-04-27-at-11.13.13-AM-16x12.jpeg 16w, https:\/\/mexicopublica.mx\/wp-content\/uploads\/2026\/04\/WhatsApp-Image-2026-04-27-at-11.13.13-AM-450x338.jpeg 450w, https:\/\/mexicopublica.mx\/wp-content\/uploads\/2026\/04\/WhatsApp-Image-2026-04-27-at-11.13.13-AM-700x525.jpeg 700w\" sizes=\"(max-width: 768px) 100vw, 768px\" \/>        <\/div>\r\n\t            <div class=\"content-wrapper rivax-position-bottom style-2\">\r\n            <div class=\"content-wrapper-inner\">\r\n\t            <div class=\"terms-wrapper multi-bg\"><a class=\"term-item term-id-26\" href=\"https:\/\/mexicopublica.mx\/en\/categoria\/nacional\/\"><span>Nacional<\/span><\/a><\/div>                        <h1 class=\"title\">\r\n                <a href=\"https:\/\/mexicopublica.mx\/en\/inauguracion-del-tren-felipe-angeles-que-conecta-cdmx-con-el-aifa\/\" class=\"title-animation-underline-in-out\" title=\"Inauguraci\u00f3n del tren Felipe-\u00c1ngeles que conecta CDMX con el AIFA\">\r\n            Inauguraci\u00f3n del tren Felipe-\u00c1ngeles que conecta CDMX con el AIFA        <\/a>\r\n        <\/h1>\r\n        \t                            <div class=\"meta-wrapper\">\r\n\t                                            <div class=\"date-wrapper date-inline\">\r\n                            <i class=\"ri-calendar-line\"><\/i>\r\n                        <span class=\"date\">\r\n                April 27, 2026            <\/span>\r\n        <\/div>\r\n                                                                                    <\/div>\r\n                            <\/div>\r\n        <\/div>\r\n            <\/article>\r\n<\/div>            <\/div>\r\n    <\/div>\r\n\t\t\t\t<\/div>\n\t\t\t\t<\/div>\n\t\t\t\t\t<\/div>\n\t\t<\/div>\n\t\t\t\t\t<\/div>\n\t\t<\/section>\n\t\t\t\t<section class=\"elementor-section elementor-top-section elementor-element elementor-element-184f98b elementor-section-boxed elementor-section-height-default elementor-section-height-default\" data-id=\"184f98b\" data-element_type=\"section\" data-e-type=\"section\">\n\t\t\t\t\t\t<div class=\"elementor-container elementor-column-gap-default\">\n\t\t\t\t\t<div class=\"elementor-column elementor-col-100 elementor-top-column elementor-element elementor-element-88a86a5\" data-id=\"88a86a5\" data-element_type=\"column\" data-e-type=\"column\">\n\t\t\t<div class=\"elementor-widget-wrap elementor-element-populated\">\n\t\t\t\t\t\t<div class=\"elementor-element elementor-element-4648c76 elementor-widget rivax-post-modern-widget\" data-id=\"4648c76\" data-element_type=\"widget\" data-e-type=\"widget\" data-widget_type=\"rivax-post-modern.default\">\n\t\t\t\t<div class=\"elementor-widget-container\">\n\t\t\t\t\t<div class=\"rivax-posts-container\">\r\n    <div class=\"rivax-posts-wrapper layout-grid\">\r\n                <div class=\"post-item\">\r\n    <article class=\"post-wrapper post-59415 post type-post status-publish format-standard has-post-thumbnail hentry category-internacional\">\r\n\t                    <div class=\"image-outer-wrapper\">\r\n            <div class=\"image-wrapper\">\r\n\t\t        <img loading=\"lazy\" decoding=\"async\" width=\"700\" height=\"450\" src=\"https:\/\/mexicopublica.mx\/wp-content\/uploads\/2026\/04\/WhatsApp-Image-2026-04-27-at-11.23.01-AM-700x450.jpeg\" class=\"attachment-rivax-medium size-rivax-medium wp-post-image\" alt=\"\" title=\"Marco Rubio niega veto a Ir\u00e1n en el mundial 2026 y descarta su excursi\u00f3n &#8211;\" srcset=\"https:\/\/mexicopublica.mx\/wp-content\/uploads\/2026\/04\/WhatsApp-Image-2026-04-27-at-11.23.01-AM-700x450.jpeg 700w, https:\/\/mexicopublica.mx\/wp-content\/uploads\/2026\/04\/WhatsApp-Image-2026-04-27-at-11.23.01-AM-18x12.jpeg 18w\" sizes=\"(max-width: 700px) 100vw, 700px\" \/>\t\t        <a class=\"image-link rivax-position-cover\" href=\"https:\/\/mexicopublica.mx\/en\/marco-rubio-niega-veto-a-iran-en-el-mundial-2026-y-descarta-su-excursion\/\"><\/a>\t\t        \t\t        \r\n\t\t        \r\n\t\t                            <div class=\"content-wrapper-inside rivax-position-bottom\">\r\n\t\t\t\t        <div class=\"terms-wrapper multi-bg\"><a class=\"term-item term-id-55\" href=\"https:\/\/mexicopublica.mx\/en\/categoria\/internacional\/\"><span>Internacional<\/span><\/a><\/div>\t\t\t\t                            <\/div>\r\n\t\t        \r\n            <\/div>\r\n            \r\n\t        \r\n        <\/div>\r\n                <div class=\"content-wrapper\">\r\n\t                                        <h2 class=\"title\">\r\n                <a href=\"https:\/\/mexicopublica.mx\/en\/marco-rubio-niega-veto-a-iran-en-el-mundial-2026-y-descarta-su-excursion\/\" class=\"title-animation-underline-in-out\" title=\"Marco Rubio niega veto a Ir\u00e1n en el mundial 2026 y descarta su excursi\u00f3n &#8211;\">\r\n            Marco Rubio niega veto a Ir\u00e1n en el mundial 2026 y descarta su excursi\u00f3n &#8211;        <\/a>\r\n        <\/h2>\r\n                                <div class=\"meta-wrapper\">\r\n\t                                    <div class=\"date-wrapper date-inline\">\r\n                            <i class=\"ri-calendar-line\"><\/i>\r\n                        <span class=\"date\">\r\n                April 27, 2026            <\/span>\r\n        <\/div>\r\n                                                                    <\/div>\r\n                                            <div class=\"rivax-read-more-wrapper\">\r\n            <a href=\"https:\/\/mexicopublica.mx\/en\/marco-rubio-niega-veto-a-iran-en-el-mundial-2026-y-descarta-su-excursion\/\" class=\"rivax-read-more style-default\">\r\n                <span class=\"read-more-title\">Leer m\u00e1s<\/span>\r\n\t                        <\/a>\r\n        <\/div>\r\n                <\/div>\r\n    <\/article>\r\n<\/div><div class=\"post-item\">\r\n    <article class=\"post-wrapper post-59410 post type-post status-publish format-standard has-post-thumbnail hentry category-nacional\">\r\n\t                    <div class=\"image-outer-wrapper\">\r\n            <div class=\"image-wrapper\">\r\n\t\t        <img loading=\"lazy\" decoding=\"async\" width=\"700\" height=\"450\" src=\"https:\/\/mexicopublica.mx\/wp-content\/uploads\/2026\/04\/WhatsApp-Image-2026-04-27-at-11.13.13-AM-700x450.jpeg\" class=\"attachment-rivax-medium size-rivax-medium wp-post-image\" alt=\"\" title=\"Inauguraci\u00f3n del tren Felipe-\u00c1ngeles que conecta CDMX con el AIFA\" \/>\t\t        <a class=\"image-link rivax-position-cover\" href=\"https:\/\/mexicopublica.mx\/en\/inauguracion-del-tren-felipe-angeles-que-conecta-cdmx-con-el-aifa\/\"><\/a>\t\t        \t\t        \r\n\t\t        \r\n\t\t                            <div class=\"content-wrapper-inside rivax-position-bottom\">\r\n\t\t\t\t        <div class=\"terms-wrapper multi-bg\"><a class=\"term-item term-id-26\" href=\"https:\/\/mexicopublica.mx\/en\/categoria\/nacional\/\"><span>Nacional<\/span><\/a><\/div>\t\t\t\t                            <\/div>\r\n\t\t        \r\n            <\/div>\r\n            \r\n\t        \r\n        <\/div>\r\n                <div class=\"content-wrapper\">\r\n\t                                        <h2 class=\"title\">\r\n                <a href=\"https:\/\/mexicopublica.mx\/en\/inauguracion-del-tren-felipe-angeles-que-conecta-cdmx-con-el-aifa\/\" class=\"title-animation-underline-in-out\" title=\"Inauguraci\u00f3n del tren Felipe-\u00c1ngeles que conecta CDMX con el AIFA\">\r\n            Inauguraci\u00f3n del tren Felipe-\u00c1ngeles que conecta CDMX con el AIFA        <\/a>\r\n        <\/h2>\r\n                                <div class=\"meta-wrapper\">\r\n\t                                    <div class=\"date-wrapper date-inline\">\r\n                            <i class=\"ri-calendar-line\"><\/i>\r\n                        <span class=\"date\">\r\n                April 27, 2026            <\/span>\r\n        <\/div>\r\n                                                                    <\/div>\r\n                                            <div class=\"rivax-read-more-wrapper\">\r\n            <a href=\"https:\/\/mexicopublica.mx\/en\/inauguracion-del-tren-felipe-angeles-que-conecta-cdmx-con-el-aifa\/\" class=\"rivax-read-more style-default\">\r\n                <span class=\"read-more-title\">Leer m\u00e1s<\/span>\r\n\t                        <\/a>\r\n        <\/div>\r\n                <\/div>\r\n    <\/article>\r\n<\/div><div class=\"post-item\">\r\n    <article class=\"post-wrapper post-59406 post type-post status-publish format-standard has-post-thumbnail hentry category-hermosillo\">\r\n\t                    <div class=\"image-outer-wrapper\">\r\n            <div class=\"image-wrapper\">\r\n\t\t        <img loading=\"lazy\" decoding=\"async\" width=\"700\" height=\"450\" src=\"https:\/\/mexicopublica.mx\/wp-content\/uploads\/2026\/04\/WhatsApp-Image-2026-04-27-at-11.00.47-AM-700x450.jpeg\" class=\"attachment-rivax-medium size-rivax-medium wp-post-image\" alt=\"\" title=\"Hermosillo se llena de color con arte urbano\" \/>\t\t        <a class=\"image-link rivax-position-cover\" href=\"https:\/\/mexicopublica.mx\/en\/hermosillo-se-llena-de-color-con-arte-urbano\/\"><\/a>\t\t        \t\t        \r\n\t\t        \r\n\t\t                            <div class=\"content-wrapper-inside rivax-position-bottom\">\r\n\t\t\t\t        <div class=\"terms-wrapper multi-bg\"><a class=\"term-item term-id-64\" href=\"https:\/\/mexicopublica.mx\/en\/categoria\/hermosillo\/\"><span>Hermosillo<\/span><\/a><\/div>\t\t\t\t                            <\/div>\r\n\t\t        \r\n            <\/div>\r\n            \r\n\t        \r\n        <\/div>\r\n                <div class=\"content-wrapper\">\r\n\t                                        <h2 class=\"title\">\r\n                <a href=\"https:\/\/mexicopublica.mx\/en\/hermosillo-se-llena-de-color-con-arte-urbano\/\" class=\"title-animation-underline-in-out\" title=\"Hermosillo se llena de color con arte urbano\">\r\n            Hermosillo se llena de color con arte urbano        <\/a>\r\n        <\/h2>\r\n                                <div class=\"meta-wrapper\">\r\n\t                                    <div class=\"date-wrapper date-inline\">\r\n                            <i class=\"ri-calendar-line\"><\/i>\r\n                        <span class=\"date\">\r\n                April 27, 2026            <\/span>\r\n        <\/div>\r\n                                                                    <\/div>\r\n                                            <div class=\"rivax-read-more-wrapper\">\r\n            <a href=\"https:\/\/mexicopublica.mx\/en\/hermosillo-se-llena-de-color-con-arte-urbano\/\" class=\"rivax-read-more style-default\">\r\n                <span class=\"read-more-title\">Leer m\u00e1s<\/span>\r\n\t                        <\/a>\r\n        <\/div>\r\n                <\/div>\r\n    <\/article>\r\n<\/div><div class=\"post-item\">\r\n    <article class=\"post-wrapper post-59402 post type-post status-publish format-standard has-post-thumbnail hentry category-nacional\">\r\n\t                    <div class=\"image-outer-wrapper\">\r\n            <div class=\"image-wrapper\">\r\n\t\t        <img loading=\"lazy\" decoding=\"async\" width=\"700\" height=\"450\" src=\"https:\/\/mexicopublica.mx\/wp-content\/uploads\/2026\/04\/WhatsApp-Image-2026-04-27-at-10.36.48-AM-700x450.jpeg\" class=\"attachment-rivax-medium size-rivax-medium wp-post-image\" alt=\"\" title=\"M\u00e9xico y Canad\u00e1 reconocen avances en plan de acci\u00f3n en conjunto.\" srcset=\"https:\/\/mexicopublica.mx\/wp-content\/uploads\/2026\/04\/WhatsApp-Image-2026-04-27-at-10.36.48-AM-700x450.jpeg 700w, https:\/\/mexicopublica.mx\/wp-content\/uploads\/2026\/04\/WhatsApp-Image-2026-04-27-at-10.36.48-AM-18x12.jpeg 18w\" sizes=\"(max-width: 700px) 100vw, 700px\" \/>\t\t        <a class=\"image-link rivax-position-cover\" href=\"https:\/\/mexicopublica.mx\/en\/mexico-y-canada-reconocen-avances-en-plan-de-accion-en-conjunto\/\"><\/a>\t\t        \t\t        \r\n\t\t        \r\n\t\t                            <div class=\"content-wrapper-inside rivax-position-bottom\">\r\n\t\t\t\t        <div class=\"terms-wrapper multi-bg\"><a class=\"term-item term-id-26\" href=\"https:\/\/mexicopublica.mx\/en\/categoria\/nacional\/\"><span>Nacional<\/span><\/a><\/div>\t\t\t\t                            <\/div>\r\n\t\t        \r\n            <\/div>\r\n            \r\n\t        \r\n        <\/div>\r\n                <div class=\"content-wrapper\">\r\n\t                                        <h2 class=\"title\">\r\n                <a href=\"https:\/\/mexicopublica.mx\/en\/mexico-y-canada-reconocen-avances-en-plan-de-accion-en-conjunto\/\" class=\"title-animation-underline-in-out\" title=\"M\u00e9xico y Canad\u00e1 reconocen avances en plan de acci\u00f3n en conjunto.\">\r\n            M\u00e9xico y Canad\u00e1 reconocen avances en plan de acci\u00f3n en conjunto.        <\/a>\r\n        <\/h2>\r\n                                <div class=\"meta-wrapper\">\r\n\t                                    <div class=\"date-wrapper date-inline\">\r\n                            <i class=\"ri-calendar-line\"><\/i>\r\n                        <span class=\"date\">\r\n                April 27, 2026            <\/span>\r\n        <\/div>\r\n                                                                    <\/div>\r\n                                            <div class=\"rivax-read-more-wrapper\">\r\n            <a href=\"https:\/\/mexicopublica.mx\/en\/mexico-y-canada-reconocen-avances-en-plan-de-accion-en-conjunto\/\" class=\"rivax-read-more style-default\">\r\n                <span class=\"read-more-title\">Leer m\u00e1s<\/span>\r\n\t                        <\/a>\r\n        <\/div>\r\n                <\/div>\r\n    <\/article>\r\n<\/div><div class=\"post-item\">\r\n    <article class=\"post-wrapper post-59327 post type-post status-publish format-standard has-post-thumbnail hentry category-uncategorized\">\r\n\t                    <div class=\"image-outer-wrapper\">\r\n            <div class=\"image-wrapper\">\r\n\t\t        <img loading=\"lazy\" decoding=\"async\" width=\"700\" height=\"450\" src=\"https:\/\/mexicopublica.mx\/wp-content\/uploads\/2026\/04\/WhatsApp-Image-2026-04-24-at-4.11.31-PM-700x450.jpeg\" class=\"attachment-rivax-medium size-rivax-medium wp-post-image\" alt=\"\" title=\"CTM en Hermosillo prepara concentraci\u00f3n masiva por el D\u00eda del Trabajo\" \/>\t\t        <a class=\"image-link rivax-position-cover\" href=\"https:\/\/mexicopublica.mx\/en\/ctm-en-hermosillo-prepara-concentracion-masiva-por-el-dia-del-trabajo\/\"><\/a>\t\t        \t\t        \r\n\t\t        \r\n\t\t                            <div class=\"content-wrapper-inside rivax-position-bottom\">\r\n\t\t\t\t        <div class=\"terms-wrapper multi-bg\"><a class=\"term-item term-id-1\" href=\"https:\/\/mexicopublica.mx\/en\/categoria\/uncategorized\/\"><span>Uncategorized<\/span><\/a><\/div>\t\t\t\t                            <\/div>\r\n\t\t        \r\n            <\/div>\r\n            \r\n\t        \r\n        <\/div>\r\n                <div class=\"content-wrapper\">\r\n\t                                        <h2 class=\"title\">\r\n                <a href=\"https:\/\/mexicopublica.mx\/en\/ctm-en-hermosillo-prepara-concentracion-masiva-por-el-dia-del-trabajo\/\" class=\"title-animation-underline-in-out\" title=\"CTM en Hermosillo prepara concentraci\u00f3n masiva por el D\u00eda del Trabajo\">\r\n            CTM en Hermosillo prepara concentraci\u00f3n masiva por el D\u00eda del Trabajo        <\/a>\r\n        <\/h2>\r\n                                <div class=\"meta-wrapper\">\r\n\t                                    <div class=\"date-wrapper date-inline\">\r\n                            <i class=\"ri-calendar-line\"><\/i>\r\n                        <span class=\"date\">\r\n                April 24, 2026            <\/span>\r\n        <\/div>\r\n                                                                    <\/div>\r\n                                            <div class=\"rivax-read-more-wrapper\">\r\n            <a href=\"https:\/\/mexicopublica.mx\/en\/ctm-en-hermosillo-prepara-concentracion-masiva-por-el-dia-del-trabajo\/\" class=\"rivax-read-more style-default\">\r\n                <span class=\"read-more-title\">Leer m\u00e1s<\/span>\r\n\t                        <\/a>\r\n        <\/div>\r\n                <\/div>\r\n    <\/article>\r\n<\/div><div class=\"post-item\">\r\n    <article class=\"post-wrapper post-59323 post type-post status-publish format-standard has-post-thumbnail hentry category-zapopan\">\r\n\t                    <div class=\"image-outer-wrapper\">\r\n            <div class=\"image-wrapper\">\r\n\t\t        <img loading=\"lazy\" decoding=\"async\" width=\"700\" height=\"450\" src=\"https:\/\/mexicopublica.mx\/wp-content\/uploads\/2026\/04\/WhatsApp-Image-2026-04-24-at-3.16.50-PM-700x450.jpeg\" class=\"attachment-rivax-medium size-rivax-medium wp-post-image\" alt=\"\" title=\"DIF Zapopan promueve el auto empleo\" \/>\t\t        <a class=\"image-link rivax-position-cover\" href=\"https:\/\/mexicopublica.mx\/en\/dif-zapopan-promueve-el-auto-empleo\/\"><\/a>\t\t        \t\t        \r\n\t\t        \r\n\t\t                            <div class=\"content-wrapper-inside rivax-position-bottom\">\r\n\t\t\t\t        <div class=\"terms-wrapper multi-bg\"><a class=\"term-item term-id-66\" href=\"https:\/\/mexicopublica.mx\/en\/categoria\/zapopan\/\"><span>Zapopan<\/span><\/a><\/div>\t\t\t\t                            <\/div>\r\n\t\t        \r\n            <\/div>\r\n            \r\n\t        \r\n        <\/div>\r\n                <div class=\"content-wrapper\">\r\n\t                                        <h2 class=\"title\">\r\n                <a href=\"https:\/\/mexicopublica.mx\/en\/dif-zapopan-promueve-el-auto-empleo\/\" class=\"title-animation-underline-in-out\" title=\"DIF Zapopan promueve el auto empleo\">\r\n            DIF Zapopan promueve el auto empleo        <\/a>\r\n        <\/h2>\r\n                                <div class=\"meta-wrapper\">\r\n\t                                    <div class=\"date-wrapper date-inline\">\r\n                            <i class=\"ri-calendar-line\"><\/i>\r\n                        <span class=\"date\">\r\n                April 24, 2026            <\/span>\r\n        <\/div>\r\n                                                                    <\/div>\r\n                                            <div class=\"rivax-read-more-wrapper\">\r\n            <a href=\"https:\/\/mexicopublica.mx\/en\/dif-zapopan-promueve-el-auto-empleo\/\" class=\"rivax-read-more style-default\">\r\n                <span class=\"read-more-title\">Leer m\u00e1s<\/span>\r\n\t                        <\/a>\r\n        <\/div>\r\n                <\/div>\r\n    <\/article>\r\n<\/div><div class=\"post-item\">\r\n    <article class=\"post-wrapper post-59319 post type-post status-publish format-standard has-post-thumbnail hentry category-jalisco\">\r\n\t                    <div class=\"image-outer-wrapper\">\r\n            <div class=\"image-wrapper\">\r\n\t\t        <img loading=\"lazy\" decoding=\"async\" width=\"700\" height=\"450\" src=\"https:\/\/mexicopublica.mx\/wp-content\/uploads\/2026\/04\/WhatsApp-Image-2026-04-24-at-1.08.22-PM-700x450.jpeg\" class=\"attachment-rivax-medium size-rivax-medium wp-post-image\" alt=\"\" title=\"Jalisco lanza incentivos para consolidar industria audiovisual global\" srcset=\"https:\/\/mexicopublica.mx\/wp-content\/uploads\/2026\/04\/WhatsApp-Image-2026-04-24-at-1.08.22-PM-700x450.jpeg 700w, https:\/\/mexicopublica.mx\/wp-content\/uploads\/2026\/04\/WhatsApp-Image-2026-04-24-at-1.08.22-PM-18x12.jpeg 18w\" sizes=\"(max-width: 700px) 100vw, 700px\" \/>\t\t        <a class=\"image-link rivax-position-cover\" href=\"https:\/\/mexicopublica.mx\/en\/jalisco-lanza-incentivos-para-consolidar-industria-audiovisual-global\/\"><\/a>\t\t        \t\t        \r\n\t\t        \r\n\t\t                            <div class=\"content-wrapper-inside rivax-position-bottom\">\r\n\t\t\t\t        <div class=\"terms-wrapper multi-bg\"><a class=\"term-item term-id-21\" href=\"https:\/\/mexicopublica.mx\/en\/categoria\/jalisco\/\"><span>Jalisco<\/span><\/a><\/div>\t\t\t\t                            <\/div>\r\n\t\t        \r\n            <\/div>\r\n            \r\n\t        \r\n        <\/div>\r\n                <div class=\"content-wrapper\">\r\n\t                                        <h2 class=\"title\">\r\n                <a href=\"https:\/\/mexicopublica.mx\/en\/jalisco-lanza-incentivos-para-consolidar-industria-audiovisual-global\/\" class=\"title-animation-underline-in-out\" title=\"Jalisco lanza incentivos para consolidar industria audiovisual global\">\r\n            Jalisco lanza incentivos para consolidar industria audiovisual global        <\/a>\r\n        <\/h2>\r\n                                <div class=\"meta-wrapper\">\r\n\t                                    <div class=\"date-wrapper date-inline\">\r\n                            <i class=\"ri-calendar-line\"><\/i>\r\n                        <span class=\"date\">\r\n                April 24, 2026            <\/span>\r\n        <\/div>\r\n                                                                    <\/div>\r\n                                            <div class=\"rivax-read-more-wrapper\">\r\n            <a href=\"https:\/\/mexicopublica.mx\/en\/jalisco-lanza-incentivos-para-consolidar-industria-audiovisual-global\/\" class=\"rivax-read-more style-default\">\r\n                <span class=\"read-more-title\">Leer m\u00e1s<\/span>\r\n\t                        <\/a>\r\n        <\/div>\r\n                <\/div>\r\n    <\/article>\r\n<\/div><div class=\"post-item\">\r\n    <article class=\"post-wrapper post-59315 post type-post status-publish format-standard has-post-thumbnail hentry category-internacional\">\r\n\t                    <div class=\"image-outer-wrapper\">\r\n            <div class=\"image-wrapper\">\r\n\t\t        <img loading=\"lazy\" decoding=\"async\" width=\"700\" height=\"450\" src=\"https:\/\/mexicopublica.mx\/wp-content\/uploads\/2026\/04\/WhatsApp-Image-2026-04-24-at-12.06.37-PM-700x450.jpeg\" class=\"attachment-rivax-medium size-rivax-medium wp-post-image\" alt=\"\" title=\"Hegseth afirma que guerra contra Ir\u00e1n es \u201cregalo\u201d de Trump al mundo\" \/>\t\t        <a class=\"image-link rivax-position-cover\" href=\"https:\/\/mexicopublica.mx\/en\/hegseth-afirma-que-guerra-contra-iran-es-regalo-de-trump-al-mundo\/\"><\/a>\t\t        \t\t        \r\n\t\t        \r\n\t\t                            <div class=\"content-wrapper-inside rivax-position-bottom\">\r\n\t\t\t\t        <div class=\"terms-wrapper multi-bg\"><a class=\"term-item term-id-55\" href=\"https:\/\/mexicopublica.mx\/en\/categoria\/internacional\/\"><span>Internacional<\/span><\/a><\/div>\t\t\t\t                            <\/div>\r\n\t\t        \r\n            <\/div>\r\n            \r\n\t        \r\n        <\/div>\r\n                <div class=\"content-wrapper\">\r\n\t                                        <h2 class=\"title\">\r\n                <a href=\"https:\/\/mexicopublica.mx\/en\/hegseth-afirma-que-guerra-contra-iran-es-regalo-de-trump-al-mundo\/\" class=\"title-animation-underline-in-out\" title=\"Hegseth afirma que guerra contra Ir\u00e1n es \u201cregalo\u201d de Trump al mundo\">\r\n            Hegseth afirma que guerra contra Ir\u00e1n es \u201cregalo\u201d de Trump al mundo        <\/a>\r\n        <\/h2>\r\n                                <div class=\"meta-wrapper\">\r\n\t                                    <div class=\"date-wrapper date-inline\">\r\n                            <i class=\"ri-calendar-line\"><\/i>\r\n                        <span class=\"date\">\r\n                April 24, 2026            <\/span>\r\n        <\/div>\r\n                                                                    <\/div>\r\n                                            <div class=\"rivax-read-more-wrapper\">\r\n            <a href=\"https:\/\/mexicopublica.mx\/en\/hegseth-afirma-que-guerra-contra-iran-es-regalo-de-trump-al-mundo\/\" class=\"rivax-read-more style-default\">\r\n                <span class=\"read-more-title\">Leer m\u00e1s<\/span>\r\n\t                        <\/a>\r\n        <\/div>\r\n                <\/div>\r\n    <\/article>\r\n<\/div><div class=\"post-item\">\r\n    <article class=\"post-wrapper post-59311 post type-post status-publish format-standard has-post-thumbnail hentry category-guadalajara\">\r\n\t                    <div class=\"image-outer-wrapper\">\r\n            <div class=\"image-wrapper\">\r\n\t\t        <img loading=\"lazy\" decoding=\"async\" width=\"700\" height=\"450\" src=\"https:\/\/mexicopublica.mx\/wp-content\/uploads\/2026\/04\/WhatsApp-Image-2026-04-24-at-11.32.53-AM-700x450.jpeg\" class=\"attachment-rivax-medium size-rivax-medium wp-post-image\" alt=\"\" title=\"Refuerzan seguridad en GDLuz con despliegue de bomberos\" srcset=\"https:\/\/mexicopublica.mx\/wp-content\/uploads\/2026\/04\/WhatsApp-Image-2026-04-24-at-11.32.53-AM-700x450.jpeg 700w, https:\/\/mexicopublica.mx\/wp-content\/uploads\/2026\/04\/WhatsApp-Image-2026-04-24-at-11.32.53-AM-18x12.jpeg 18w\" sizes=\"(max-width: 700px) 100vw, 700px\" \/>\t\t        <a class=\"image-link rivax-position-cover\" href=\"https:\/\/mexicopublica.mx\/en\/refuerzan-seguridad-en-gdluz-con-despliegue-de-bomberos\/\"><\/a>\t\t        \t\t        \r\n\t\t        \r\n\t\t                            <div class=\"content-wrapper-inside rivax-position-bottom\">\r\n\t\t\t\t        <div class=\"terms-wrapper multi-bg\"><a class=\"term-item term-id-65\" href=\"https:\/\/mexicopublica.mx\/en\/categoria\/guadalajara\/\"><span>Guadalajara<\/span><\/a><\/div>\t\t\t\t                            <\/div>\r\n\t\t        \r\n            <\/div>\r\n            \r\n\t        \r\n        <\/div>\r\n                <div class=\"content-wrapper\">\r\n\t                                        <h2 class=\"title\">\r\n                <a href=\"https:\/\/mexicopublica.mx\/en\/refuerzan-seguridad-en-gdluz-con-despliegue-de-bomberos\/\" class=\"title-animation-underline-in-out\" title=\"Refuerzan seguridad en GDLuz con despliegue de bomberos\">\r\n            Refuerzan seguridad en GDLuz con despliegue de bomberos        <\/a>\r\n        <\/h2>\r\n                                <div class=\"meta-wrapper\">\r\n\t                                    <div class=\"date-wrapper date-inline\">\r\n                            <i class=\"ri-calendar-line\"><\/i>\r\n                        <span class=\"date\">\r\n                April 24, 2026            <\/span>\r\n        <\/div>\r\n                                                                    <\/div>\r\n                                            <div class=\"rivax-read-more-wrapper\">\r\n            <a href=\"https:\/\/mexicopublica.mx\/en\/refuerzan-seguridad-en-gdluz-con-despliegue-de-bomberos\/\" class=\"rivax-read-more style-default\">\r\n                <span class=\"read-more-title\">Leer m\u00e1s<\/span>\r\n\t                        <\/a>\r\n        <\/div>\r\n                <\/div>\r\n    <\/article>\r\n<\/div>            <\/div>\r\n                <div class=\"rivax-posts-pagination-wrap\">\r\n                <nav class=\"rivax-posts-pagination standard-pagination elementor-pagination\" aria-label=\"Pagination\" data-total=\"6\">\r\n                    <span aria-current=\"page\" class=\"page-numbers current\">1<\/span>\n<a class=\"page-numbers\" href=\"https:\/\/mexicopublica.mx\/en\/wp-json\/wp\/v2\/pages\/3197\/page\/2\/\">2<\/a>\n<a class=\"page-numbers\" href=\"https:\/\/mexicopublica.mx\/en\/wp-json\/wp\/v2\/pages\/3197\/page\/3\/\">3<\/a>\n<a class=\"page-numbers\" href=\"https:\/\/mexicopublica.mx\/en\/wp-json\/wp\/v2\/pages\/3197\/page\/4\/\">4<\/a>\n<a class=\"page-numbers\" href=\"https:\/\/mexicopublica.mx\/en\/wp-json\/wp\/v2\/pages\/3197\/page\/5\/\">5<\/a>\n<a class=\"page-numbers\" href=\"https:\/\/mexicopublica.mx\/en\/wp-json\/wp\/v2\/pages\/3197\/page\/6\/\">6<\/a>                <\/nav>\r\n            <\/div>\r\n            <\/div>\r\n\t\t\t\t<\/div>\n\t\t\t\t<\/div>\n\t\t\t\t\t<\/div>\n\t\t<\/div>\n\t\t\t\t\t<\/div>\n\t\t<\/section>\n\t\t\t\t<\/div>","protected":false},"excerpt":{"rendered":"<p>Reciente \u201cTo\u00f1o\u201d Astiazar\u00e1n: m\u00e1s ciclov\u00edas y arte para las colonias de Hermosillo. \u201cTo\u00f1o\u201d Astiazar\u00e1n: Crecimiento equitativo para todas las colonias de Hermosillo. \u201cTo\u00f1o\u201d Astiazar\u00e1n: Crecer parejo significa mejorar cada colonia, sin excepci\u00f3n\u00a0 Nayarit Gobierno de Tepic refuerza acciones preventivas contra incendios forestales en el Cerro&#8230; enero 28, 2026 Nayarit La Universidad Aut\u00f3noma de Nayarit fortalece [&hellip;]<\/p>\n","protected":false},"author":1,"featured_media":10,"parent":0,"menu_order":0,"comment_status":"closed","ping_status":"closed","template":"","meta":{"footnotes":""},"class_list":["post-3197","page","type-page","status-publish","has-post-thumbnail","hentry"],"yoast_head":"<!-- This site is optimized with the Yoast SEO plugin v27.4 - https:\/\/yoast.com\/product\/yoast-seo-wordpress\/ -->\n<title>Grupo M\u00e9xico Publica<\/title>\n<meta name=\"robots\" content=\"index, follow, max-snippet:-1, max-image-preview:large, max-video-preview:-1\" \/>\n<link rel=\"canonical\" href=\"https:\/\/mexicopublica.mx\/en\/\" \/>\n<meta property=\"og:locale\" content=\"en_US\" \/>\n<meta property=\"og:type\" content=\"article\" \/>\n<meta property=\"og:title\" content=\"Grupo M\u00e9xico Publica\" \/>\n<meta property=\"og:description\" content=\"Reciente \u201cTo\u00f1o\u201d Astiazar\u00e1n: m\u00e1s ciclov\u00edas y arte para las colonias de Hermosillo. \u201cTo\u00f1o\u201d Astiazar\u00e1n: Crecimiento equitativo para todas las colonias de Hermosillo. \u201cTo\u00f1o\u201d Astiazar\u00e1n: Crecer parejo significa mejorar cada colonia, sin excepci\u00f3n\u00a0 Nayarit Gobierno de Tepic refuerza acciones preventivas contra incendios forestales en el Cerro&#8230; enero 28, 2026 Nayarit La Universidad Aut\u00f3noma de Nayarit fortalece [&hellip;]\" \/>\n<meta property=\"og:url\" content=\"https:\/\/mexicopublica.mx\/en\/\" \/>\n<meta property=\"og:site_name\" content=\"Grupo M\u00e9xico Publica\" \/>\n<meta property=\"article:modified_time\" content=\"2026-01-28T19:04:22+00:00\" \/>\n<meta property=\"og:image\" content=\"https:\/\/mexicopublica.mx\/wp-content\/uploads\/2024\/01\/Logo-GMP-Bandera-1.png\" \/>\n\t<meta property=\"og:image:width\" content=\"3000\" \/>\n\t<meta property=\"og:image:height\" content=\"3000\" \/>\n\t<meta property=\"og:image:type\" content=\"image\/png\" \/>\n<meta name=\"twitter:card\" content=\"summary_large_image\" \/>\n<meta name=\"twitter:label1\" content=\"Est. reading time\" \/>\n\t<meta name=\"twitter:data1\" content=\"5 minutes\" \/>\n<script type=\"application\/ld+json\" class=\"yoast-schema-graph\">{\"@context\":\"https:\\\/\\\/schema.org\",\"@graph\":[{\"@type\":\"WebPage\",\"@id\":\"https:\\\/\\\/mexicopublica.mx\\\/\",\"url\":\"https:\\\/\\\/mexicopublica.mx\\\/\",\"name\":\"Grupo M\u00e9xico Publica\",\"isPartOf\":{\"@id\":\"https:\\\/\\\/mexicopublica.mx\\\/#website\"},\"primaryImageOfPage\":{\"@id\":\"https:\\\/\\\/mexicopublica.mx\\\/#primaryimage\"},\"image\":{\"@id\":\"https:\\\/\\\/mexicopublica.mx\\\/#primaryimage\"},\"thumbnailUrl\":\"https:\\\/\\\/mexicopublica.mx\\\/wp-content\\\/uploads\\\/2024\\\/01\\\/Logo-GMP-Bandera-1.png\",\"datePublished\":\"2022-10-16T13:37:21+00:00\",\"dateModified\":\"2026-01-28T19:04:22+00:00\",\"breadcrumb\":{\"@id\":\"https:\\\/\\\/mexicopublica.mx\\\/#breadcrumb\"},\"inLanguage\":\"en-US\",\"potentialAction\":[{\"@type\":\"ReadAction\",\"target\":[\"https:\\\/\\\/mexicopublica.mx\\\/\"]}]},{\"@type\":\"ImageObject\",\"inLanguage\":\"en-US\",\"@id\":\"https:\\\/\\\/mexicopublica.mx\\\/#primaryimage\",\"url\":\"https:\\\/\\\/mexicopublica.mx\\\/wp-content\\\/uploads\\\/2024\\\/01\\\/Logo-GMP-Bandera-1.png\",\"contentUrl\":\"https:\\\/\\\/mexicopublica.mx\\\/wp-content\\\/uploads\\\/2024\\\/01\\\/Logo-GMP-Bandera-1.png\",\"width\":3000,\"height\":3000,\"caption\":\"M\u00e9xico Publica\"},{\"@type\":\"BreadcrumbList\",\"@id\":\"https:\\\/\\\/mexicopublica.mx\\\/#breadcrumb\",\"itemListElement\":[{\"@type\":\"ListItem\",\"position\":1,\"name\":\"Portada\",\"item\":\"https:\\\/\\\/mexicopublica.mx\\\/\"},{\"@type\":\"ListItem\",\"position\":2,\"name\":\"M\u00e9xico Publica\"}]},{\"@type\":\"WebSite\",\"@id\":\"https:\\\/\\\/mexicopublica.mx\\\/#website\",\"url\":\"https:\\\/\\\/mexicopublica.mx\\\/\",\"name\":\"M\u00e9xico Publica\",\"description\":\"Noticias\",\"publisher\":{\"@id\":\"https:\\\/\\\/mexicopublica.mx\\\/#organization\"},\"potentialAction\":[{\"@type\":\"SearchAction\",\"target\":{\"@type\":\"EntryPoint\",\"urlTemplate\":\"https:\\\/\\\/mexicopublica.mx\\\/?s={search_term_string}\"},\"query-input\":{\"@type\":\"PropertyValueSpecification\",\"valueRequired\":true,\"valueName\":\"search_term_string\"}}],\"inLanguage\":\"en-US\"},{\"@type\":\"Organization\",\"@id\":\"https:\\\/\\\/mexicopublica.mx\\\/#organization\",\"name\":\"M\u00e9xico Publica\",\"url\":\"https:\\\/\\\/mexicopublica.mx\\\/\",\"logo\":{\"@type\":\"ImageObject\",\"inLanguage\":\"en-US\",\"@id\":\"https:\\\/\\\/mexicopublica.mx\\\/#\\\/schema\\\/logo\\\/image\\\/\",\"url\":\"https:\\\/\\\/mexicopublica.mx\\\/wp-content\\\/uploads\\\/2025\\\/08\\\/logo-gmp-web.webp\",\"contentUrl\":\"https:\\\/\\\/mexicopublica.mx\\\/wp-content\\\/uploads\\\/2025\\\/08\\\/logo-gmp-web.webp\",\"width\":1200,\"height\":1200,\"caption\":\"M\u00e9xico Publica\"},\"image\":{\"@id\":\"https:\\\/\\\/mexicopublica.mx\\\/#\\\/schema\\\/logo\\\/image\\\/\"}}]}<\/script>\n<!-- \/ Yoast SEO plugin. -->","yoast_head_json":{"title":"Grupo M\u00e9xico Publica","robots":{"index":"index","follow":"follow","max-snippet":"max-snippet:-1","max-image-preview":"max-image-preview:large","max-video-preview":"max-video-preview:-1"},"canonical":"https:\/\/mexicopublica.mx\/en\/","og_locale":"en_US","og_type":"article","og_title":"Grupo M\u00e9xico Publica","og_description":"Reciente \u201cTo\u00f1o\u201d Astiazar\u00e1n: m\u00e1s ciclov\u00edas y arte para las colonias de Hermosillo. \u201cTo\u00f1o\u201d Astiazar\u00e1n: Crecimiento equitativo para todas las colonias de Hermosillo. \u201cTo\u00f1o\u201d Astiazar\u00e1n: Crecer parejo significa mejorar cada colonia, sin excepci\u00f3n\u00a0 Nayarit Gobierno de Tepic refuerza acciones preventivas contra incendios forestales en el Cerro&#8230; enero 28, 2026 Nayarit La Universidad Aut\u00f3noma de Nayarit fortalece [&hellip;]","og_url":"https:\/\/mexicopublica.mx\/en\/","og_site_name":"Grupo M\u00e9xico Publica","article_modified_time":"2026-01-28T19:04:22+00:00","og_image":[{"width":3000,"height":3000,"url":"https:\/\/mexicopublica.mx\/wp-content\/uploads\/2024\/01\/Logo-GMP-Bandera-1.png","type":"image\/png"}],"twitter_card":"summary_large_image","twitter_misc":{"Est. reading time":"5 minutes"},"schema":{"@context":"https:\/\/schema.org","@graph":[{"@type":"WebPage","@id":"https:\/\/mexicopublica.mx\/","url":"https:\/\/mexicopublica.mx\/","name":"Grupo M\u00e9xico Publica","isPartOf":{"@id":"https:\/\/mexicopublica.mx\/#website"},"primaryImageOfPage":{"@id":"https:\/\/mexicopublica.mx\/#primaryimage"},"image":{"@id":"https:\/\/mexicopublica.mx\/#primaryimage"},"thumbnailUrl":"https:\/\/mexicopublica.mx\/wp-content\/uploads\/2024\/01\/Logo-GMP-Bandera-1.png","datePublished":"2022-10-16T13:37:21+00:00","dateModified":"2026-01-28T19:04:22+00:00","breadcrumb":{"@id":"https:\/\/mexicopublica.mx\/#breadcrumb"},"inLanguage":"en-US","potentialAction":[{"@type":"ReadAction","target":["https:\/\/mexicopublica.mx\/"]}]},{"@type":"ImageObject","inLanguage":"en-US","@id":"https:\/\/mexicopublica.mx\/#primaryimage","url":"https:\/\/mexicopublica.mx\/wp-content\/uploads\/2024\/01\/Logo-GMP-Bandera-1.png","contentUrl":"https:\/\/mexicopublica.mx\/wp-content\/uploads\/2024\/01\/Logo-GMP-Bandera-1.png","width":3000,"height":3000,"caption":"M\u00e9xico Publica"},{"@type":"BreadcrumbList","@id":"https:\/\/mexicopublica.mx\/#breadcrumb","itemListElement":[{"@type":"ListItem","position":1,"name":"Portada","item":"https:\/\/mexicopublica.mx\/"},{"@type":"ListItem","position":2,"name":"M\u00e9xico Publica"}]},{"@type":"WebSite","@id":"https:\/\/mexicopublica.mx\/#website","url":"https:\/\/mexicopublica.mx\/","name":"M\u00e9xico Publica","description":"Noticias","publisher":{"@id":"https:\/\/mexicopublica.mx\/#organization"},"potentialAction":[{"@type":"SearchAction","target":{"@type":"EntryPoint","urlTemplate":"https:\/\/mexicopublica.mx\/?s={search_term_string}"},"query-input":{"@type":"PropertyValueSpecification","valueRequired":true,"valueName":"search_term_string"}}],"inLanguage":"en-US"},{"@type":"Organization","@id":"https:\/\/mexicopublica.mx\/#organization","name":"M\u00e9xico Publica","url":"https:\/\/mexicopublica.mx\/","logo":{"@type":"ImageObject","inLanguage":"en-US","@id":"https:\/\/mexicopublica.mx\/#\/schema\/logo\/image\/","url":"https:\/\/mexicopublica.mx\/wp-content\/uploads\/2025\/08\/logo-gmp-web.webp","contentUrl":"https:\/\/mexicopublica.mx\/wp-content\/uploads\/2025\/08\/logo-gmp-web.webp","width":1200,"height":1200,"caption":"M\u00e9xico Publica"},"image":{"@id":"https:\/\/mexicopublica.mx\/#\/schema\/logo\/image\/"}}]}},"_links":{"self":[{"href":"https:\/\/mexicopublica.mx\/en\/wp-json\/wp\/v2\/pages\/3197","targetHints":{"allow":["GET"]}}],"collection":[{"href":"https:\/\/mexicopublica.mx\/en\/wp-json\/wp\/v2\/pages"}],"about":[{"href":"https:\/\/mexicopublica.mx\/en\/wp-json\/wp\/v2\/types\/page"}],"author":[{"embeddable":true,"href":"https:\/\/mexicopublica.mx\/en\/wp-json\/wp\/v2\/users\/1"}],"replies":[{"embeddable":true,"href":"https:\/\/mexicopublica.mx\/en\/wp-json\/wp\/v2\/comments?post=3197"}],"version-history":[{"count":82,"href":"https:\/\/mexicopublica.mx\/en\/wp-json\/wp\/v2\/pages\/3197\/revisions"}],"predecessor-version":[{"id":51166,"href":"https:\/\/mexicopublica.mx\/en\/wp-json\/wp\/v2\/pages\/3197\/revisions\/51166"}],"wp:featuredmedia":[{"embeddable":true,"href":"https:\/\/mexicopublica.mx\/en\/wp-json\/wp\/v2\/media\/10"}],"wp:attachment":[{"href":"https:\/\/mexicopublica.mx\/en\/wp-json\/wp\/v2\/media?parent=3197"}],"curies":[{"name":"wp","href":"https:\/\/api.w.org\/{rel}","templated":true}]}}